{"version":"1.0","provider_name":"Batijournal","provider_url":"https:\/\/batijournal.com","author_name":"St\u00e9phane Miget","author_url":"https:\/\/batijournal.com\/index.php\/author\/stephane\/","title":"Nicolas Vuillier \u00e9lu Pr\u00e9sident de l'UNICEM","type":"rich","width":600,"height":338,"html":"<blockquote class=\"wp-embedded-content\" data-secret=\"JNC9sa3rwr\"><a href=\"https:\/\/batijournal.com\/index.php\/nicolas-vuillier-elu-president-de-lunicem\/96316\/\">Nicolas Vuillier \u00e9lu Pr\u00e9sident de l&rsquo;UNICEM<\/a><\/blockquote><iframe sandbox=\"allow-scripts\" security=\"restricted\" src=\"https:\/\/batijournal.com\/index.php\/nicolas-vuillier-elu-president-de-lunicem\/96316\/embed\/#?secret=JNC9sa3rwr\" width=\"600\" height=\"338\" title=\"\u00ab\u00a0Nicolas Vuillier \u00e9lu Pr\u00e9sident de l&rsquo;UNICEM\u00a0\u00bb &#8212; Batijournal\" data-secret=\"JNC9sa3rwr\" frameborder=\"0\" marginwidth=\"0\" marginheight=\"0\" scrolling=\"no\" class=\"wp-embedded-content\"><\/iframe><script type=\"text\/javascript\">\n\/* <![CDATA[ *\/\n\/*! This file is auto-generated *\/\n!function(d,l){\"use strict\";l.querySelector&&d.addEventListener&&\"undefined\"!=typeof URL&&(d.wp=d.wp||{},d.wp.receiveEmbedMessage||(d.wp.receiveEmbedMessage=function(e){var t=e.data;if((t||t.secret||t.message||t.value)&&!\/[^a-zA-Z0-9]\/.test(t.secret)){for(var s,r,n,a=l.querySelectorAll('iframe[data-secret=\"'+t.secret+'\"]'),o=l.querySelectorAll('blockquote[data-secret=\"'+t.secret+'\"]'),c=new RegExp(\"^https?:$\",\"i\"),i=0;i<o.length;i++)o[i].style.display=\"none\";for(i=0;i<a.length;i++)s=a[i],e.source===s.contentWindow&&(s.removeAttribute(\"style\"),\"height\"===t.message?(1e3<(r=parseInt(t.value,10))?r=1e3:~~r<200&&(r=200),s.height=r):\"link\"===t.message&&(r=new URL(s.getAttribute(\"src\")),n=new URL(t.value),c.test(n.protocol))&&n.host===r.host&&l.activeElement===s&&(d.top.location.href=t.value))}},d.addEventListener(\"message\",d.wp.receiveEmbedMessage,!1),l.addEventListener(\"DOMContentLoaded\",function(){for(var e,t,s=l.querySelectorAll(\"iframe.wp-embedded-content\"),r=0;r<s.length;r++)(t=(e=s[r]).getAttribute(\"data-secret\"))||(t=Math.random().toString(36).substring(2,12),e.src+=\"#?secret=\"+t,e.setAttribute(\"data-secret\",t)),e.contentWindow.postMessage({message:\"ready\",secret:t},\"*\")},!1)))}(window,document);\n\/\/# sourceURL=https:\/\/batijournal.com\/wp-includes\/js\/wp-embed.min.js\n\/* ]]> *\/\n<\/script>\n","thumbnail_url":"https:\/\/batijournal.com\/wp-content\/uploads\/2017\/06\/Nicolas-VUILLIER_UNICEM.jpg","thumbnail_width":1200,"thumbnail_height":822,"description":"Le 22 juin 2017, l\u2019UNICEM, r\u00e9unie en assembl\u00e9e g\u00e9n\u00e9rale, a \u00e9lu Nicolas Vuillier \u00e0 la pr\u00e9sidence de la f\u00e9d\u00e9ration, pour un mandat de 3 ans. Il succ\u00e8de \u00e0 Michel Andr\u00e9 dont le mandat est arriv\u00e9 \u00e0 \u00e9ch\u00e9ance. Directeur du d\u00e9veloppement durable pour l\u2019ensemble des activit\u00e9s en France du groupe HeidelbergCement (Ciments Calcia, GSM, Unib\u00e9ton, Socli [&hellip;]"}