{"version":"1.0","provider_name":"Batijournal","provider_url":"https:\/\/batijournal.com","author_name":"Bati-journal","author_url":"https:\/\/batijournal.com\/index.php\/author\/elodie\/","title":"Nominations au cabinet de Fr\u00e9d\u00e9ric Mitterrand","type":"rich","width":600,"height":338,"html":"<blockquote class=\"wp-embedded-content\" data-secret=\"EXUkeqWCMv\"><a href=\"https:\/\/batijournal.com\/index.php\/nominations-au-cabinet-de-frederic-mitterrand\/74472\/\">Nominations au cabinet de Fr\u00e9d\u00e9ric Mitterrand<\/a><\/blockquote><iframe sandbox=\"allow-scripts\" security=\"restricted\" src=\"https:\/\/batijournal.com\/index.php\/nominations-au-cabinet-de-frederic-mitterrand\/74472\/embed\/#?secret=EXUkeqWCMv\" width=\"600\" height=\"338\" title=\"\u00ab\u00a0Nominations au cabinet de Fr\u00e9d\u00e9ric Mitterrand\u00a0\u00bb &#8212; Batijournal\" data-secret=\"EXUkeqWCMv\" frameborder=\"0\" marginwidth=\"0\" marginheight=\"0\" scrolling=\"no\" class=\"wp-embedded-content\"><\/iframe><script type=\"text\/javascript\">\n\/* <![CDATA[ *\/\n\/*! This file is auto-generated *\/\n!function(d,l){\"use strict\";l.querySelector&&d.addEventListener&&\"undefined\"!=typeof URL&&(d.wp=d.wp||{},d.wp.receiveEmbedMessage||(d.wp.receiveEmbedMessage=function(e){var t=e.data;if((t||t.secret||t.message||t.value)&&!\/[^a-zA-Z0-9]\/.test(t.secret)){for(var s,r,n,a=l.querySelectorAll('iframe[data-secret=\"'+t.secret+'\"]'),o=l.querySelectorAll('blockquote[data-secret=\"'+t.secret+'\"]'),c=new RegExp(\"^https?:$\",\"i\"),i=0;i<o.length;i++)o[i].style.display=\"none\";for(i=0;i<a.length;i++)s=a[i],e.source===s.contentWindow&&(s.removeAttribute(\"style\"),\"height\"===t.message?(1e3<(r=parseInt(t.value,10))?r=1e3:~~r<200&&(r=200),s.height=r):\"link\"===t.message&&(r=new URL(s.getAttribute(\"src\")),n=new URL(t.value),c.test(n.protocol))&&n.host===r.host&&l.activeElement===s&&(d.top.location.href=t.value))}},d.addEventListener(\"message\",d.wp.receiveEmbedMessage,!1),l.addEventListener(\"DOMContentLoaded\",function(){for(var e,t,s=l.querySelectorAll(\"iframe.wp-embedded-content\"),r=0;r<s.length;r++)(t=(e=s[r]).getAttribute(\"data-secret\"))||(t=Math.random().toString(36).substring(2,12),e.src+=\"#?secret=\"+t,e.setAttribute(\"data-secret\",t)),e.contentWindow.postMessage({message:\"ready\",secret:t},\"*\")},!1)))}(window,document);\n\/\/# sourceURL=https:\/\/batijournal.com\/wp-includes\/js\/wp-embed.min.js\n\/* ]]> *\/\n<\/script>\n","description":"Elodie Perthuisot et Pierre Lungheretti sont respectivement nomm\u00e9s directrice du cabinet et directeur adjoint du cabinet de Fr\u00e9d\u00e9ric Mitterrand, ministre de la culture et de la communication. Pierre Hanotaux, jusque l\u00e0 directeur du cabinet, a \u00e9t\u00e9 nomm\u00e9 mardi 18 octobre 2011, directeur g\u00e9n\u00e9ral d\u00e9l\u00e9gu\u00e9 du groupe Audiovisuel ext\u00e9rieur de la France. Elodie Perthuisot est dipl\u00f4m\u00e9e [&hellip;]"}