{"version":"1.0","provider_name":"Batijournal","provider_url":"https:\/\/batijournal.com","author_name":"St\u00e9phane Miget","author_url":"https:\/\/batijournal.com\/index.php\/author\/stephane\/","title":"La Normandie inaugure son premier \u00e9co-quartier","type":"rich","width":600,"height":338,"html":"<blockquote class=\"wp-embedded-content\" data-secret=\"1jTY64L0aK\"><a href=\"https:\/\/batijournal.com\/index.php\/normandie-inaugure-premier-eco-quartier\/94794\/\">La Normandie inaugure son premier \u00e9co-quartier<\/a><\/blockquote><iframe sandbox=\"allow-scripts\" security=\"restricted\" src=\"https:\/\/batijournal.com\/index.php\/normandie-inaugure-premier-eco-quartier\/94794\/embed\/#?secret=1jTY64L0aK\" width=\"600\" height=\"338\" title=\"\u00ab\u00a0La Normandie inaugure son premier \u00e9co-quartier\u00a0\u00bb &#8212; Batijournal\" data-secret=\"1jTY64L0aK\" frameborder=\"0\" marginwidth=\"0\" marginheight=\"0\" scrolling=\"no\" class=\"wp-embedded-content\"><\/iframe><script type=\"text\/javascript\">\n\/* <![CDATA[ *\/\n\/*! This file is auto-generated *\/\n!function(d,l){\"use strict\";l.querySelector&&d.addEventListener&&\"undefined\"!=typeof URL&&(d.wp=d.wp||{},d.wp.receiveEmbedMessage||(d.wp.receiveEmbedMessage=function(e){var t=e.data;if((t||t.secret||t.message||t.value)&&!\/[^a-zA-Z0-9]\/.test(t.secret)){for(var s,r,n,a=l.querySelectorAll('iframe[data-secret=\"'+t.secret+'\"]'),o=l.querySelectorAll('blockquote[data-secret=\"'+t.secret+'\"]'),c=new RegExp(\"^https?:$\",\"i\"),i=0;i<o.length;i++)o[i].style.display=\"none\";for(i=0;i<a.length;i++)s=a[i],e.source===s.contentWindow&&(s.removeAttribute(\"style\"),\"height\"===t.message?(1e3<(r=parseInt(t.value,10))?r=1e3:~~r<200&&(r=200),s.height=r):\"link\"===t.message&&(r=new URL(s.getAttribute(\"src\")),n=new URL(t.value),c.test(n.protocol))&&n.host===r.host&&l.activeElement===s&&(d.top.location.href=t.value))}},d.addEventListener(\"message\",d.wp.receiveEmbedMessage,!1),l.addEventListener(\"DOMContentLoaded\",function(){for(var e,t,s=l.querySelectorAll(\"iframe.wp-embedded-content\"),r=0;r<s.length;r++)(t=(e=s[r]).getAttribute(\"data-secret\"))||(t=Math.random().toString(36).substring(2,12),e.src+=\"#?secret=\"+t,e.setAttribute(\"data-secret\",t)),e.contentWindow.postMessage({message:\"ready\",secret:t},\"*\")},!1)))}(window,document);\n\/\/# sourceURL=https:\/\/batijournal.com\/wp-includes\/js\/wp-embed.min.js\n\/* ]]> *\/\n<\/script>\n","thumbnail_url":"https:\/\/batijournal.com\/wp-content\/uploads\/2017\/01\/ecoquartier-eure-normandie-noe.jpg","thumbnail_width":720,"thumbnail_height":656,"description":"A l\u2019occasion de la venue \u00e0 Val-de-Reuil d&rsquo;Emmanuelle COSSE, Ministre du Logement et de l\u2019Habitat durable,, la municipalit\u00e9, SILOGE, son groupement Habitat R\u00e9uni et son partenaire Habitat Coop\u00e9ratif de Normandie ont inaugur\u00e9 l\u2019\u00e9co-village du Hameau des No\u00e9s, 1er \u00e9co-quartier labellis\u00e9 de Normandie. Le projet est n\u00e9, il y a huit ans, de la volont\u00e9 commune [&hellip;]"}