{"version":"1.0","provider_name":"Batijournal","provider_url":"https:\/\/batijournal.com","author_name":"Bati-journal","author_url":"https:\/\/batijournal.com\/index.php\/author\/elodie\/","title":"Nouveau ! cr\u00e9ation du Prix Mus\u00e9e en famille","type":"rich","width":600,"height":338,"html":"<blockquote class=\"wp-embedded-content\" data-secret=\"4b3D1Qc9Mq\"><a href=\"https:\/\/batijournal.com\/index.php\/nouveau-creation-du-prix-musee-en-famille\/75155\/\">Nouveau ! cr\u00e9ation du Prix Mus\u00e9e en famille<\/a><\/blockquote><iframe sandbox=\"allow-scripts\" security=\"restricted\" src=\"https:\/\/batijournal.com\/index.php\/nouveau-creation-du-prix-musee-en-famille\/75155\/embed\/#?secret=4b3D1Qc9Mq\" width=\"600\" height=\"338\" title=\"\u00ab\u00a0Nouveau ! cr\u00e9ation du Prix Mus\u00e9e en famille\u00a0\u00bb &#8212; Batijournal\" data-secret=\"4b3D1Qc9Mq\" frameborder=\"0\" marginwidth=\"0\" marginheight=\"0\" scrolling=\"no\" class=\"wp-embedded-content\"><\/iframe><script type=\"text\/javascript\">\n\/* <![CDATA[ *\/\n\/*! This file is auto-generated *\/\n!function(d,l){\"use strict\";l.querySelector&&d.addEventListener&&\"undefined\"!=typeof URL&&(d.wp=d.wp||{},d.wp.receiveEmbedMessage||(d.wp.receiveEmbedMessage=function(e){var t=e.data;if((t||t.secret||t.message||t.value)&&!\/[^a-zA-Z0-9]\/.test(t.secret)){for(var s,r,n,a=l.querySelectorAll('iframe[data-secret=\"'+t.secret+'\"]'),o=l.querySelectorAll('blockquote[data-secret=\"'+t.secret+'\"]'),c=new RegExp(\"^https?:$\",\"i\"),i=0;i<o.length;i++)o[i].style.display=\"none\";for(i=0;i<a.length;i++)s=a[i],e.source===s.contentWindow&&(s.removeAttribute(\"style\"),\"height\"===t.message?(1e3<(r=parseInt(t.value,10))?r=1e3:~~r<200&&(r=200),s.height=r):\"link\"===t.message&&(r=new URL(s.getAttribute(\"src\")),n=new URL(t.value),c.test(n.protocol))&&n.host===r.host&&l.activeElement===s&&(d.top.location.href=t.value))}},d.addEventListener(\"message\",d.wp.receiveEmbedMessage,!1),l.addEventListener(\"DOMContentLoaded\",function(){for(var e,t,s=l.querySelectorAll(\"iframe.wp-embedded-content\"),r=0;r<s.length;r++)(t=(e=s[r]).getAttribute(\"data-secret\"))||(t=Math.random().toString(36).substring(2,12),e.src+=\"#?secret=\"+t,e.setAttribute(\"data-secret\",t)),e.contentWindow.postMessage({message:\"ready\",secret:t},\"*\")},!1)))}(window,document);\n\/\/# sourceURL=https:\/\/batijournal.com\/wp-includes\/js\/wp-embed.min.js\n\/* ]]> *\/\n<\/script>\n","description":"Le minist\u00e8re de la Culture et de la communication et le secr\u00e9tariat d&rsquo;\u0092\u00c9tat charg\u00e9 de la famille aupr\u00e8s du ministre du Travail, des relations sociales, de la famille et de la solidarit\u00e9 lancent cette ann\u00e9e le Prix Mus\u00e9e en famille. Cette int\u00e9ressante initiative permettra de distinguer le mus\u00e9e qui prendra la meilleure initiative pour favoriser [&hellip;]"}