{"version":"1.0","provider_name":"Batijournal","provider_url":"https:\/\/batijournal.com","author_name":"Bati-journal","author_url":"https:\/\/batijournal.com\/index.php\/author\/elodie\/","title":"Nouveau directeur g\u00e9n\u00e9ral de Junckers France","type":"rich","width":600,"height":338,"html":"<blockquote class=\"wp-embedded-content\" data-secret=\"JSjS30Zl88\"><a href=\"https:\/\/batijournal.com\/index.php\/nouveau-directeur-general-de-junckers-france\/75272\/\">Nouveau directeur g\u00e9n\u00e9ral de Junckers France<\/a><\/blockquote><iframe sandbox=\"allow-scripts\" security=\"restricted\" src=\"https:\/\/batijournal.com\/index.php\/nouveau-directeur-general-de-junckers-france\/75272\/embed\/#?secret=JSjS30Zl88\" width=\"600\" height=\"338\" title=\"\u00ab\u00a0Nouveau directeur g\u00e9n\u00e9ral de Junckers France\u00a0\u00bb &#8212; Batijournal\" data-secret=\"JSjS30Zl88\" frameborder=\"0\" marginwidth=\"0\" marginheight=\"0\" scrolling=\"no\" class=\"wp-embedded-content\"><\/iframe><script type=\"text\/javascript\">\n\/* <![CDATA[ *\/\n\/*! This file is auto-generated *\/\n!function(d,l){\"use strict\";l.querySelector&&d.addEventListener&&\"undefined\"!=typeof URL&&(d.wp=d.wp||{},d.wp.receiveEmbedMessage||(d.wp.receiveEmbedMessage=function(e){var t=e.data;if((t||t.secret||t.message||t.value)&&!\/[^a-zA-Z0-9]\/.test(t.secret)){for(var s,r,n,a=l.querySelectorAll('iframe[data-secret=\"'+t.secret+'\"]'),o=l.querySelectorAll('blockquote[data-secret=\"'+t.secret+'\"]'),c=new RegExp(\"^https?:$\",\"i\"),i=0;i<o.length;i++)o[i].style.display=\"none\";for(i=0;i<a.length;i++)s=a[i],e.source===s.contentWindow&&(s.removeAttribute(\"style\"),\"height\"===t.message?(1e3<(r=parseInt(t.value,10))?r=1e3:~~r<200&&(r=200),s.height=r):\"link\"===t.message&&(r=new URL(s.getAttribute(\"src\")),n=new URL(t.value),c.test(n.protocol))&&n.host===r.host&&l.activeElement===s&&(d.top.location.href=t.value))}},d.addEventListener(\"message\",d.wp.receiveEmbedMessage,!1),l.addEventListener(\"DOMContentLoaded\",function(){for(var e,t,s=l.querySelectorAll(\"iframe.wp-embedded-content\"),r=0;r<s.length;r++)(t=(e=s[r]).getAttribute(\"data-secret\"))||(t=Math.random().toString(36).substring(2,12),e.src+=\"#?secret=\"+t,e.setAttribute(\"data-secret\",t)),e.contentWindow.postMessage({message:\"ready\",secret:t},\"*\")},!1)))}(window,document);\n\/\/# sourceURL=https:\/\/batijournal.com\/wp-includes\/js\/wp-embed.min.js\n\/* ]]> *\/\n<\/script>\n","thumbnail_url":"https:\/\/batijournal.com\/wp-content\/uploads\/2015\/03\/05161852.jpg","thumbnail_width":599,"thumbnail_height":449,"description":"En fonction depuis le d\u00e9but du mois d\u0092avril 2009, St\u00e9phane Magnin, 38 ans, est nomm\u00e9 directeur g\u00e9n\u00e9ral de la filiale fran\u00e7aise de Junckers Industries, sp\u00e9cialiste du parquet massif. Dipl\u00f4m\u00e9 de l\u0092Institut sup\u00e9rieur de gestion, St\u00e9phane Magnin a occup\u00e9 des postes de direction op\u00e9rationnelle dans le n\u00e9goce b\u00e2timent, d&rsquo;\u0092abord chez Brossette (groupe Wolseley) o\u00f9 il est [&hellip;]"}