{"version":"1.0","provider_name":"Batijournal","provider_url":"https:\/\/batijournal.com","author_name":"Bati-journal","author_url":"https:\/\/batijournal.com\/index.php\/author\/elodie\/","title":"Nouveau pr\u00e9sident de l'\u0092UPA Rh\u00f4ne-Alpes","type":"rich","width":600,"height":338,"html":"<blockquote class=\"wp-embedded-content\" data-secret=\"v1Oa8neRKi\"><a href=\"https:\/\/batijournal.com\/index.php\/nouveau-president-de-l%c2%92upa-rhone-alpes\/75382\/\">Nouveau pr\u00e9sident de l&rsquo;\u0092UPA Rh\u00f4ne-Alpes<\/a><\/blockquote><iframe sandbox=\"allow-scripts\" security=\"restricted\" src=\"https:\/\/batijournal.com\/index.php\/nouveau-president-de-l%c2%92upa-rhone-alpes\/75382\/embed\/#?secret=v1Oa8neRKi\" width=\"600\" height=\"338\" title=\"\u00ab\u00a0Nouveau pr\u00e9sident de l&rsquo;\u0092UPA Rh\u00f4ne-Alpes\u00a0\u00bb &#8212; Batijournal\" data-secret=\"v1Oa8neRKi\" frameborder=\"0\" marginwidth=\"0\" marginheight=\"0\" scrolling=\"no\" class=\"wp-embedded-content\"><\/iframe><script type=\"text\/javascript\">\n\/* <![CDATA[ *\/\n\/*! This file is auto-generated *\/\n!function(d,l){\"use strict\";l.querySelector&&d.addEventListener&&\"undefined\"!=typeof URL&&(d.wp=d.wp||{},d.wp.receiveEmbedMessage||(d.wp.receiveEmbedMessage=function(e){var t=e.data;if((t||t.secret||t.message||t.value)&&!\/[^a-zA-Z0-9]\/.test(t.secret)){for(var s,r,n,a=l.querySelectorAll('iframe[data-secret=\"'+t.secret+'\"]'),o=l.querySelectorAll('blockquote[data-secret=\"'+t.secret+'\"]'),c=new RegExp(\"^https?:$\",\"i\"),i=0;i<o.length;i++)o[i].style.display=\"none\";for(i=0;i<a.length;i++)s=a[i],e.source===s.contentWindow&&(s.removeAttribute(\"style\"),\"height\"===t.message?(1e3<(r=parseInt(t.value,10))?r=1e3:~~r<200&&(r=200),s.height=r):\"link\"===t.message&&(r=new URL(s.getAttribute(\"src\")),n=new URL(t.value),c.test(n.protocol))&&n.host===r.host&&l.activeElement===s&&(d.top.location.href=t.value))}},d.addEventListener(\"message\",d.wp.receiveEmbedMessage,!1),l.addEventListener(\"DOMContentLoaded\",function(){for(var e,t,s=l.querySelectorAll(\"iframe.wp-embedded-content\"),r=0;r<s.length;r++)(t=(e=s[r]).getAttribute(\"data-secret\"))||(t=Math.random().toString(36).substring(2,12),e.src+=\"#?secret=\"+t,e.setAttribute(\"data-secret\",t)),e.contentWindow.postMessage({message:\"ready\",secret:t},\"*\")},!1)))}(window,document);\n\/\/# sourceURL=https:\/\/batijournal.com\/wp-includes\/js\/wp-embed.min.js\n\/* ]]> *\/\n<\/script>\n","thumbnail_url":"https:\/\/batijournal.com\/wp-content\/uploads\/2015\/03\/10551520.jpg","thumbnail_width":399,"thumbnail_height":599,"description":"Alain Berlioz-Curlet a \u00e9t\u00e9 \u00e9lu le nouveau pr\u00e9sident de l&rsquo;\u0092UPA Rh\u00f4ne-Alpes, lors de l&rsquo;\u0092assembl\u00e9e g\u00e9n\u00e9rale de l\u0092&rsquo;Union professionnelle artisanale Rh\u00f4ne-Alpes du 18 mars 2010. Ce peintre d\u00e9corateur de 55 ans dirige, avec son fils, une entreprise sp\u00e9cialis\u00e9e dans la restauration de fresques pour les B\u00e2timents du Patrimoine et la cr\u00e9ation de fresques dans des demeures [&hellip;]"}