{"version":"1.0","provider_name":"Batijournal","provider_url":"https:\/\/batijournal.com","author_name":"Bati-journal","author_url":"https:\/\/batijournal.com\/index.php\/author\/elodie\/","title":"Nouveau pr\u00e9sident de la FFB Charpente Menuiserie Parquets","type":"rich","width":600,"height":338,"html":"<blockquote class=\"wp-embedded-content\" data-secret=\"BxZZNyxS80\"><a href=\"https:\/\/batijournal.com\/index.php\/nouveau-president-de-la-ffb-charpente-menuiserie-parquets\/75134\/\">Nouveau pr\u00e9sident de la FFB Charpente Menuiserie Parquets<\/a><\/blockquote><iframe sandbox=\"allow-scripts\" security=\"restricted\" src=\"https:\/\/batijournal.com\/index.php\/nouveau-president-de-la-ffb-charpente-menuiserie-parquets\/75134\/embed\/#?secret=BxZZNyxS80\" width=\"600\" height=\"338\" title=\"\u00ab\u00a0Nouveau pr\u00e9sident de la FFB Charpente Menuiserie Parquets\u00a0\u00bb &#8212; Batijournal\" data-secret=\"BxZZNyxS80\" frameborder=\"0\" marginwidth=\"0\" marginheight=\"0\" scrolling=\"no\" class=\"wp-embedded-content\"><\/iframe><script type=\"text\/javascript\">\n\/* <![CDATA[ *\/\n\/*! This file is auto-generated *\/\n!function(d,l){\"use strict\";l.querySelector&&d.addEventListener&&\"undefined\"!=typeof URL&&(d.wp=d.wp||{},d.wp.receiveEmbedMessage||(d.wp.receiveEmbedMessage=function(e){var t=e.data;if((t||t.secret||t.message||t.value)&&!\/[^a-zA-Z0-9]\/.test(t.secret)){for(var s,r,n,a=l.querySelectorAll('iframe[data-secret=\"'+t.secret+'\"]'),o=l.querySelectorAll('blockquote[data-secret=\"'+t.secret+'\"]'),c=new RegExp(\"^https?:$\",\"i\"),i=0;i<o.length;i++)o[i].style.display=\"none\";for(i=0;i<a.length;i++)s=a[i],e.source===s.contentWindow&&(s.removeAttribute(\"style\"),\"height\"===t.message?(1e3<(r=parseInt(t.value,10))?r=1e3:~~r<200&&(r=200),s.height=r):\"link\"===t.message&&(r=new URL(s.getAttribute(\"src\")),n=new URL(t.value),c.test(n.protocol))&&n.host===r.host&&l.activeElement===s&&(d.top.location.href=t.value))}},d.addEventListener(\"message\",d.wp.receiveEmbedMessage,!1),l.addEventListener(\"DOMContentLoaded\",function(){for(var e,t,s=l.querySelectorAll(\"iframe.wp-embedded-content\"),r=0;r<s.length;r++)(t=(e=s[r]).getAttribute(\"data-secret\"))||(t=Math.random().toString(36).substring(2,12),e.src+=\"#?secret=\"+t,e.setAttribute(\"data-secret\",t)),e.contentWindow.postMessage({message:\"ready\",secret:t},\"*\")},!1)))}(window,document);\n\/\/# sourceURL=https:\/\/batijournal.com\/wp-includes\/js\/wp-embed.min.js\n\/* ]]> *\/\n<\/script>\n","thumbnail_url":"https:\/\/batijournal.com\/wp-content\/uploads\/2015\/03\/002447.jpg","thumbnail_width":538,"thumbnail_height":600,"description":"Fran\u00e7ois Asselin vient d&rsquo;\u00eatre \u00e9lu pr\u00e9sident du conseil d&rsquo;administration de l&rsquo;Union Charpente Menuiserie Parquets, pour un mandat de 3 ans. \u00c2g\u00e9 de 43 ans, Fran\u00e7ois Asselin dirige depuis 1993 une entreprise de charpente et menuiserie cr\u00e9\u00e9e par son p\u00e8re en 1957. Avec pr\u00e8s de 130 personnes, en France, dans les Dom-Tom et aux Etats-Unis, la [&hellip;]"}