{"version":"1.0","provider_name":"Batijournal","provider_url":"https:\/\/batijournal.com","author_name":"St\u00e9phane Miget","author_url":"https:\/\/batijournal.com\/index.php\/author\/stephane\/","title":"Une nouvelle charte pour la for\u00eat communale","type":"rich","width":600,"height":338,"html":"<blockquote class=\"wp-embedded-content\" data-secret=\"lVbdrHV3UM\"><a href=\"https:\/\/batijournal.com\/index.php\/nouvelle-charte-foret-communale\/94534\/\">Une nouvelle charte pour la for\u00eat communale<\/a><\/blockquote><iframe sandbox=\"allow-scripts\" security=\"restricted\" src=\"https:\/\/batijournal.com\/index.php\/nouvelle-charte-foret-communale\/94534\/embed\/#?secret=lVbdrHV3UM\" width=\"600\" height=\"338\" title=\"\u00ab\u00a0Une nouvelle charte pour la for\u00eat communale\u00a0\u00bb &#8212; Batijournal\" data-secret=\"lVbdrHV3UM\" frameborder=\"0\" marginwidth=\"0\" marginheight=\"0\" scrolling=\"no\" class=\"wp-embedded-content\"><\/iframe><script type=\"text\/javascript\">\n\/* <![CDATA[ *\/\n\/*! This file is auto-generated *\/\n!function(d,l){\"use strict\";l.querySelector&&d.addEventListener&&\"undefined\"!=typeof URL&&(d.wp=d.wp||{},d.wp.receiveEmbedMessage||(d.wp.receiveEmbedMessage=function(e){var t=e.data;if((t||t.secret||t.message||t.value)&&!\/[^a-zA-Z0-9]\/.test(t.secret)){for(var s,r,n,a=l.querySelectorAll('iframe[data-secret=\"'+t.secret+'\"]'),o=l.querySelectorAll('blockquote[data-secret=\"'+t.secret+'\"]'),c=new RegExp(\"^https?:$\",\"i\"),i=0;i<o.length;i++)o[i].style.display=\"none\";for(i=0;i<a.length;i++)s=a[i],e.source===s.contentWindow&&(s.removeAttribute(\"style\"),\"height\"===t.message?(1e3<(r=parseInt(t.value,10))?r=1e3:~~r<200&&(r=200),s.height=r):\"link\"===t.message&&(r=new URL(s.getAttribute(\"src\")),n=new URL(t.value),c.test(n.protocol))&&n.host===r.host&&l.activeElement===s&&(d.top.location.href=t.value))}},d.addEventListener(\"message\",d.wp.receiveEmbedMessage,!1),l.addEventListener(\"DOMContentLoaded\",function(){for(var e,t,s=l.querySelectorAll(\"iframe.wp-embedded-content\"),r=0;r<s.length;r++)(t=(e=s[r]).getAttribute(\"data-secret\"))||(t=Math.random().toString(36).substring(2,12),e.src+=\"#?secret=\"+t,e.setAttribute(\"data-secret\",t)),e.contentWindow.postMessage({message:\"ready\",secret:t},\"*\")},!1)))}(window,document);\n\/\/# sourceURL=https:\/\/batijournal.com\/wp-includes\/js\/wp-embed.min.js\n\/* ]]> *\/\n<\/script>\n","thumbnail_url":"https:\/\/batijournal.com\/wp-content\/uploads\/2016\/12\/charte-forestiere-onf.jpeg","thumbnail_width":533,"thumbnail_height":355,"description":"La F\u00e9d\u00e9ration nationale des communes foresti\u00e8res (FNCOFOR) et l\u2019Office national des for\u00eats (ONF) ont sign\u00e9 hier, en pr\u00e9sence de St\u00e9phane Le Foll, ministre de l\u2019Agriculture, de l\u2019Agroalimentaire et de la For\u00eat, la nouvelle charte de la for\u00eat communale. Mise en \u0153uvre concr\u00e8te du contrat d\u2019objectifs et de performance Etat-ONF-FNCOFOR pour 2016-2020, la charte pr\u00e9cise les [&hellip;]"}