{"version":"1.0","provider_name":"Batijournal","provider_url":"https:\/\/batijournal.com","author_name":"St\u00e9phane Miget","author_url":"https:\/\/batijournal.com\/index.php\/author\/stephane\/","title":"Nouvelle gamme de fen\u00eatres chez TECHNAL","type":"rich","width":600,"height":338,"html":"<blockquote class=\"wp-embedded-content\" data-secret=\"djhNvSVyyC\"><a href=\"https:\/\/batijournal.com\/index.php\/nouvelle-gamme-de-fenetres-chez-technal\/108998\/\">Nouvelle gamme de fen\u00eatres chez TECHNAL<\/a><\/blockquote><iframe sandbox=\"allow-scripts\" security=\"restricted\" src=\"https:\/\/batijournal.com\/index.php\/nouvelle-gamme-de-fenetres-chez-technal\/108998\/embed\/#?secret=djhNvSVyyC\" width=\"600\" height=\"338\" title=\"\u00ab\u00a0Nouvelle gamme de fen\u00eatres chez TECHNAL\u00a0\u00bb &#8212; Batijournal\" data-secret=\"djhNvSVyyC\" frameborder=\"0\" marginwidth=\"0\" marginheight=\"0\" scrolling=\"no\" class=\"wp-embedded-content\"><\/iframe><script type=\"text\/javascript\">\n\/* <![CDATA[ *\/\n\/*! This file is auto-generated *\/\n!function(d,l){\"use strict\";l.querySelector&&d.addEventListener&&\"undefined\"!=typeof URL&&(d.wp=d.wp||{},d.wp.receiveEmbedMessage||(d.wp.receiveEmbedMessage=function(e){var t=e.data;if((t||t.secret||t.message||t.value)&&!\/[^a-zA-Z0-9]\/.test(t.secret)){for(var s,r,n,a=l.querySelectorAll('iframe[data-secret=\"'+t.secret+'\"]'),o=l.querySelectorAll('blockquote[data-secret=\"'+t.secret+'\"]'),c=new RegExp(\"^https?:$\",\"i\"),i=0;i<o.length;i++)o[i].style.display=\"none\";for(i=0;i<a.length;i++)s=a[i],e.source===s.contentWindow&&(s.removeAttribute(\"style\"),\"height\"===t.message?(1e3<(r=parseInt(t.value,10))?r=1e3:~~r<200&&(r=200),s.height=r):\"link\"===t.message&&(r=new URL(s.getAttribute(\"src\")),n=new URL(t.value),c.test(n.protocol))&&n.host===r.host&&l.activeElement===s&&(d.top.location.href=t.value))}},d.addEventListener(\"message\",d.wp.receiveEmbedMessage,!1),l.addEventListener(\"DOMContentLoaded\",function(){for(var e,t,s=l.querySelectorAll(\"iframe.wp-embedded-content\"),r=0;r<s.length;r++)(t=(e=s[r]).getAttribute(\"data-secret\"))||(t=Math.random().toString(36).substring(2,12),e.src+=\"#?secret=\"+t,e.setAttribute(\"data-secret\",t)),e.contentWindow.postMessage({message:\"ready\",secret:t},\"*\")},!1)))}(window,document);\n\/\/# sourceURL=https:\/\/batijournal.com\/wp-includes\/js\/wp-embed.min.js\n\/* ]]> *\/\n<\/script>\n","thumbnail_url":"https:\/\/batijournal.com\/wp-content\/uploads\/2023\/06\/TECHNAL-SOLEAL-NEXT-Altair.jpg","thumbnail_width":1000,"thumbnail_height":709,"description":"TECHNAL lance la commercialisation des versions fen\u00eatres et portes-fen\u00eatres SOLEAL Next, d\u00e9di\u00e9es aussi bien \u00e0 l\u2019habitat qu\u2019aux b\u00e2timents, en neuf comme en r\u00e9novation. Cette gamme \u00e9volu\u00e9e et \u00e9volutive de SOLEAL r\u00e9pond aux exigences r\u00e9glementaires de la RE 2020 qu\u2019il s\u2019agisse de performances ou d\u2019\u00e9coconception. Fond\u00e9e sur un concept unique et modulaire en 65 mm et [&hellip;]"}