{"version":"1.0","provider_name":"Batijournal","provider_url":"https:\/\/batijournal.com","author_name":"St\u00e9phane Miget","author_url":"https:\/\/batijournal.com\/index.php\/author\/stephane\/","title":"Olivier Salleron r\u00e9\u00e9lu pr\u00e9sident de la FFB","type":"rich","width":600,"height":338,"html":"<blockquote class=\"wp-embedded-content\" data-secret=\"OZH7EFDtDB\"><a href=\"https:\/\/batijournal.com\/index.php\/olivier-salleron-reelu-president-de-la-ffb\/108728\/\">Olivier Salleron r\u00e9\u00e9lu pr\u00e9sident de la FFB<\/a><\/blockquote><iframe sandbox=\"allow-scripts\" security=\"restricted\" src=\"https:\/\/batijournal.com\/index.php\/olivier-salleron-reelu-president-de-la-ffb\/108728\/embed\/#?secret=OZH7EFDtDB\" width=\"600\" height=\"338\" title=\"\u00ab\u00a0Olivier Salleron r\u00e9\u00e9lu pr\u00e9sident de la FFB\u00a0\u00bb &#8212; Batijournal\" data-secret=\"OZH7EFDtDB\" frameborder=\"0\" marginwidth=\"0\" marginheight=\"0\" scrolling=\"no\" class=\"wp-embedded-content\"><\/iframe><script type=\"text\/javascript\">\n\/* <![CDATA[ *\/\n\/*! This file is auto-generated *\/\n!function(d,l){\"use strict\";l.querySelector&&d.addEventListener&&\"undefined\"!=typeof URL&&(d.wp=d.wp||{},d.wp.receiveEmbedMessage||(d.wp.receiveEmbedMessage=function(e){var t=e.data;if((t||t.secret||t.message||t.value)&&!\/[^a-zA-Z0-9]\/.test(t.secret)){for(var s,r,n,a=l.querySelectorAll('iframe[data-secret=\"'+t.secret+'\"]'),o=l.querySelectorAll('blockquote[data-secret=\"'+t.secret+'\"]'),c=new RegExp(\"^https?:$\",\"i\"),i=0;i<o.length;i++)o[i].style.display=\"none\";for(i=0;i<a.length;i++)s=a[i],e.source===s.contentWindow&&(s.removeAttribute(\"style\"),\"height\"===t.message?(1e3<(r=parseInt(t.value,10))?r=1e3:~~r<200&&(r=200),s.height=r):\"link\"===t.message&&(r=new URL(s.getAttribute(\"src\")),n=new URL(t.value),c.test(n.protocol))&&n.host===r.host&&l.activeElement===s&&(d.top.location.href=t.value))}},d.addEventListener(\"message\",d.wp.receiveEmbedMessage,!1),l.addEventListener(\"DOMContentLoaded\",function(){for(var e,t,s=l.querySelectorAll(\"iframe.wp-embedded-content\"),r=0;r<s.length;r++)(t=(e=s[r]).getAttribute(\"data-secret\"))||(t=Math.random().toString(36).substring(2,12),e.src+=\"#?secret=\"+t,e.setAttribute(\"data-secret\",t)),e.contentWindow.postMessage({message:\"ready\",secret:t},\"*\")},!1)))}(window,document);\n\/\/# sourceURL=https:\/\/batijournal.com\/wp-includes\/js\/wp-embed.min.js\n\/* ]]> *\/\n<\/script>\n","thumbnail_url":"https:\/\/batijournal.com\/wp-content\/uploads\/2020\/03\/FFB_Olivier_SALLERON_nouveau-president.jpg","thumbnail_width":1181,"thumbnail_height":694,"description":"Olivier Salleron a \u00e9t\u00e9 r\u00e9\u00e9lu pr\u00e9sident de la FFB pour un second mandat de trois ans, lors du Conseil d\u2019Administration de la FFB du 17 mars 2023. Le large soutien obtenu \u00e0 l\u2019occasion de ce vote renforce sa d\u00e9termination \u00e0 poursuivre son combat pour d\u00e9fendre les artisans et entrepreneurs dans une p\u00e9riode de fortes turbulences. [&hellip;]"}