{"version":"1.0","provider_name":"Batijournal","provider_url":"https:\/\/batijournal.com","author_name":"St\u00e9phane Miget","author_url":"https:\/\/batijournal.com\/index.php\/author\/stephane\/","title":"Plafonds modulaires et pl\u00e2tre : partenariat entre la CAPEB et PLADUR","type":"rich","width":600,"height":338,"html":"<blockquote class=\"wp-embedded-content\" data-secret=\"r4KuwPeF91\"><a href=\"https:\/\/batijournal.com\/index.php\/plafonds-modulaires-platre-partenariat-entre-capeb-pladur\/94092\/\">Plafonds modulaires et pl\u00e2tre : partenariat entre la CAPEB et PLADUR<\/a><\/blockquote><iframe sandbox=\"allow-scripts\" security=\"restricted\" src=\"https:\/\/batijournal.com\/index.php\/plafonds-modulaires-platre-partenariat-entre-capeb-pladur\/94092\/embed\/#?secret=r4KuwPeF91\" width=\"600\" height=\"338\" title=\"\u00ab\u00a0Plafonds modulaires et pl\u00e2tre : partenariat entre la CAPEB et PLADUR\u00a0\u00bb &#8212; Batijournal\" data-secret=\"r4KuwPeF91\" frameborder=\"0\" marginwidth=\"0\" marginheight=\"0\" scrolling=\"no\" class=\"wp-embedded-content\"><\/iframe><script type=\"text\/javascript\">\n\/* <![CDATA[ *\/\n\/*! This file is auto-generated *\/\n!function(d,l){\"use strict\";l.querySelector&&d.addEventListener&&\"undefined\"!=typeof URL&&(d.wp=d.wp||{},d.wp.receiveEmbedMessage||(d.wp.receiveEmbedMessage=function(e){var t=e.data;if((t||t.secret||t.message||t.value)&&!\/[^a-zA-Z0-9]\/.test(t.secret)){for(var s,r,n,a=l.querySelectorAll('iframe[data-secret=\"'+t.secret+'\"]'),o=l.querySelectorAll('blockquote[data-secret=\"'+t.secret+'\"]'),c=new RegExp(\"^https?:$\",\"i\"),i=0;i<o.length;i++)o[i].style.display=\"none\";for(i=0;i<a.length;i++)s=a[i],e.source===s.contentWindow&&(s.removeAttribute(\"style\"),\"height\"===t.message?(1e3<(r=parseInt(t.value,10))?r=1e3:~~r<200&&(r=200),s.height=r):\"link\"===t.message&&(r=new URL(s.getAttribute(\"src\")),n=new URL(t.value),c.test(n.protocol))&&n.host===r.host&&l.activeElement===s&&(d.top.location.href=t.value))}},d.addEventListener(\"message\",d.wp.receiveEmbedMessage,!1),l.addEventListener(\"DOMContentLoaded\",function(){for(var e,t,s=l.querySelectorAll(\"iframe.wp-embedded-content\"),r=0;r<s.length;r++)(t=(e=s[r]).getAttribute(\"data-secret\"))||(t=Math.random().toString(36).substring(2,12),e.src+=\"#?secret=\"+t,e.setAttribute(\"data-secret\",t)),e.contentWindow.postMessage({message:\"ready\",secret:t},\"*\")},!1)))}(window,document);\n\/\/# sourceURL=https:\/\/batijournal.com\/wp-includes\/js\/wp-embed.min.js\n\/* ]]> *\/\n<\/script>\n","thumbnail_url":"https:\/\/batijournal.com\/wp-content\/uploads\/2016\/11\/Patrick-Liebus-president-CAPEB-Enrique-Ramirez-Directeur-General-de-PLADUR.jpg","thumbnail_width":1200,"thumbnail_height":784,"description":"Patrick Li\u00e9bus, pr\u00e9sident de la CAPEB, et Enrique Ramirez, Directeur G\u00e9n\u00e9ral de PLADUR, ont sign\u00e9 un partenariat pour contribuer \u00e0 la mont\u00e9e en comp\u00e9tence des entreprises artisanales du B\u00e2timent concernant les questions de plafonds modulaires en plaques de pl\u00e2tre. Ce partenariat pr\u00e9voit la cr\u00e9ation d\u2019actions de conseils et d\u2019accompagnement destin\u00e9es \u00e0 d\u00e9velopper les connaissances des [&hellip;]"}