{"version":"1.0","provider_name":"Batijournal","provider_url":"https:\/\/batijournal.com","author_name":"Bati-journal","author_url":"https:\/\/batijournal.com\/index.php\/author\/elodie\/","title":"Plan Energie Climat : l'agglom\u00e9ration lyonnaise s'engage","type":"rich","width":600,"height":338,"html":"<blockquote class=\"wp-embedded-content\" data-secret=\"N9E0WMn5KE\"><a href=\"https:\/\/batijournal.com\/index.php\/plan-energie-climat-lagglomeration-lyonnaise-sengage\/73908\/\">Plan Energie Climat : l&rsquo;agglom\u00e9ration lyonnaise s&rsquo;engage<\/a><\/blockquote><iframe sandbox=\"allow-scripts\" security=\"restricted\" src=\"https:\/\/batijournal.com\/index.php\/plan-energie-climat-lagglomeration-lyonnaise-sengage\/73908\/embed\/#?secret=N9E0WMn5KE\" width=\"600\" height=\"338\" title=\"\u00ab\u00a0Plan Energie Climat : l&rsquo;agglom\u00e9ration lyonnaise s&rsquo;engage\u00a0\u00bb &#8212; Batijournal\" data-secret=\"N9E0WMn5KE\" frameborder=\"0\" marginwidth=\"0\" marginheight=\"0\" scrolling=\"no\" class=\"wp-embedded-content\"><\/iframe><script type=\"text\/javascript\">\n\/* <![CDATA[ *\/\n\/*! This file is auto-generated *\/\n!function(d,l){\"use strict\";l.querySelector&&d.addEventListener&&\"undefined\"!=typeof URL&&(d.wp=d.wp||{},d.wp.receiveEmbedMessage||(d.wp.receiveEmbedMessage=function(e){var t=e.data;if((t||t.secret||t.message||t.value)&&!\/[^a-zA-Z0-9]\/.test(t.secret)){for(var s,r,n,a=l.querySelectorAll('iframe[data-secret=\"'+t.secret+'\"]'),o=l.querySelectorAll('blockquote[data-secret=\"'+t.secret+'\"]'),c=new RegExp(\"^https?:$\",\"i\"),i=0;i<o.length;i++)o[i].style.display=\"none\";for(i=0;i<a.length;i++)s=a[i],e.source===s.contentWindow&&(s.removeAttribute(\"style\"),\"height\"===t.message?(1e3<(r=parseInt(t.value,10))?r=1e3:~~r<200&&(r=200),s.height=r):\"link\"===t.message&&(r=new URL(s.getAttribute(\"src\")),n=new URL(t.value),c.test(n.protocol))&&n.host===r.host&&l.activeElement===s&&(d.top.location.href=t.value))}},d.addEventListener(\"message\",d.wp.receiveEmbedMessage,!1),l.addEventListener(\"DOMContentLoaded\",function(){for(var e,t,s=l.querySelectorAll(\"iframe.wp-embedded-content\"),r=0;r<s.length;r++)(t=(e=s[r]).getAttribute(\"data-secret\"))||(t=Math.random().toString(36).substring(2,12),e.src+=\"#?secret=\"+t,e.setAttribute(\"data-secret\",t)),e.contentWindow.postMessage({message:\"ready\",secret:t},\"*\")},!1)))}(window,document);\n\/\/# sourceURL=https:\/\/batijournal.com\/wp-includes\/js\/wp-embed.min.js\n\/* ]]> *\/\n<\/script>\n","thumbnail_url":"https:\/\/batijournal.com\/wp-content\/uploads\/2015\/03\/34692032.jpg","thumbnail_width":599,"thumbnail_height":400,"description":"G\u00e9rard Collomb, pr\u00e9sident du Grand Lyon, et Bruno Charles, vice-pr\u00e9sident du Grand Lyon en charge du Plan Climat ont r\u00e9uni, ce lundi 28 novembre, la conf\u00e9rence Energie Climat, une sc\u00e8ne de gouvernance innovante qui f\u00e9d\u00e8re plus de 150 acteurs cl\u00e9s du territoire, tous mobilis\u00e9s pour atteindre les objectifs des 3&#215;20* dans l&rsquo;agglom\u00e9ration lyonnaise. La communaut\u00e9 [&hellip;]"}