{"version":"1.0","provider_name":"Batijournal","provider_url":"https:\/\/batijournal.com","author_name":"St\u00e9phane Miget","author_url":"https:\/\/batijournal.com\/index.php\/author\/stephane\/","title":"Le Premier ministre, Edouard Philippe annonce la r\u00e9forme du RSI","type":"rich","width":600,"height":338,"html":"<blockquote class=\"wp-embedded-content\" data-secret=\"NTNwcOSXo9\"><a href=\"https:\/\/batijournal.com\/index.php\/premier-ministre-edouard-philippe-annonce-reforme-rsi\/96723\/\">Le Premier ministre, Edouard Philippe annonce la r\u00e9forme du RSI<\/a><\/blockquote><iframe sandbox=\"allow-scripts\" security=\"restricted\" src=\"https:\/\/batijournal.com\/index.php\/premier-ministre-edouard-philippe-annonce-reforme-rsi\/96723\/embed\/#?secret=NTNwcOSXo9\" width=\"600\" height=\"338\" title=\"\u00ab\u00a0Le Premier ministre, Edouard Philippe annonce la r\u00e9forme du RSI\u00a0\u00bb &#8212; Batijournal\" data-secret=\"NTNwcOSXo9\" frameborder=\"0\" marginwidth=\"0\" marginheight=\"0\" scrolling=\"no\" class=\"wp-embedded-content\"><\/iframe><script type=\"text\/javascript\">\n\/* <![CDATA[ *\/\n\/*! This file is auto-generated *\/\n!function(d,l){\"use strict\";l.querySelector&&d.addEventListener&&\"undefined\"!=typeof URL&&(d.wp=d.wp||{},d.wp.receiveEmbedMessage||(d.wp.receiveEmbedMessage=function(e){var t=e.data;if((t||t.secret||t.message||t.value)&&!\/[^a-zA-Z0-9]\/.test(t.secret)){for(var s,r,n,a=l.querySelectorAll('iframe[data-secret=\"'+t.secret+'\"]'),o=l.querySelectorAll('blockquote[data-secret=\"'+t.secret+'\"]'),c=new RegExp(\"^https?:$\",\"i\"),i=0;i<o.length;i++)o[i].style.display=\"none\";for(i=0;i<a.length;i++)s=a[i],e.source===s.contentWindow&&(s.removeAttribute(\"style\"),\"height\"===t.message?(1e3<(r=parseInt(t.value,10))?r=1e3:~~r<200&&(r=200),s.height=r):\"link\"===t.message&&(r=new URL(s.getAttribute(\"src\")),n=new URL(t.value),c.test(n.protocol))&&n.host===r.host&&l.activeElement===s&&(d.top.location.href=t.value))}},d.addEventListener(\"message\",d.wp.receiveEmbedMessage,!1),l.addEventListener(\"DOMContentLoaded\",function(){for(var e,t,s=l.querySelectorAll(\"iframe.wp-embedded-content\"),r=0;r<s.length;r++)(t=(e=s[r]).getAttribute(\"data-secret\"))||(t=Math.random().toString(36).substring(2,12),e.src+=\"#?secret=\"+t,e.setAttribute(\"data-secret\",t)),e.contentWindow.postMessage({message:\"ready\",secret:t},\"*\")},!1)))}(window,document);\n\/\/# sourceURL=https:\/\/batijournal.com\/wp-includes\/js\/wp-embed.min.js\n\/* ]]> *\/\n<\/script>\n","thumbnail_url":"https:\/\/batijournal.com\/wp-content\/uploads\/2015\/09\/en-tete-rsi.jpg","thumbnail_width":1024,"thumbnail_height":582,"description":"En d\u00e9placement \u00e0 Dijon, le mardi 5 septembre 2017, le Premier ministre, Edouard Philippe, a annonc\u00e9 la fin du r\u00e9gime social des ind\u00e9pendants (RSI) au 1e janvier 2018. Une p\u00e9riode de transition de deux ans est programm\u00e9e pour rejoindre le r\u00e9gime g\u00e9n\u00e9ral. Parall\u00e8lement, une baisse de certaines cotisations compensera la hausse de la CSG annonc\u00e9e. [&hellip;]"}