{"version":"1.0","provider_name":"Batijournal","provider_url":"https:\/\/batijournal.com","author_name":"St\u00e9phane Miget","author_url":"https:\/\/batijournal.com\/index.php\/author\/stephane\/","title":"RE 2020 : le grand retour des convecteurs \u00e9lectriques ?","type":"rich","width":600,"height":338,"html":"<blockquote class=\"wp-embedded-content\" data-secret=\"jOoBWuwT7m\"><a href=\"https:\/\/batijournal.com\/index.php\/re-2020-le-grand-retour-des-convecteurs-electriques\/103644\/\">RE 2020 : le grand retour des convecteurs \u00e9lectriques ?<\/a><\/blockquote><iframe sandbox=\"allow-scripts\" security=\"restricted\" src=\"https:\/\/batijournal.com\/index.php\/re-2020-le-grand-retour-des-convecteurs-electriques\/103644\/embed\/#?secret=jOoBWuwT7m\" width=\"600\" height=\"338\" title=\"\u00ab\u00a0RE 2020 : le grand retour des convecteurs \u00e9lectriques ?\u00a0\u00bb &#8212; Batijournal\" data-secret=\"jOoBWuwT7m\" frameborder=\"0\" marginwidth=\"0\" marginheight=\"0\" scrolling=\"no\" class=\"wp-embedded-content\"><\/iframe><script type=\"text\/javascript\">\n\/* <![CDATA[ *\/\n\/*! This file is auto-generated *\/\n!function(d,l){\"use strict\";l.querySelector&&d.addEventListener&&\"undefined\"!=typeof URL&&(d.wp=d.wp||{},d.wp.receiveEmbedMessage||(d.wp.receiveEmbedMessage=function(e){var t=e.data;if((t||t.secret||t.message||t.value)&&!\/[^a-zA-Z0-9]\/.test(t.secret)){for(var s,r,n,a=l.querySelectorAll('iframe[data-secret=\"'+t.secret+'\"]'),o=l.querySelectorAll('blockquote[data-secret=\"'+t.secret+'\"]'),c=new RegExp(\"^https?:$\",\"i\"),i=0;i<o.length;i++)o[i].style.display=\"none\";for(i=0;i<a.length;i++)s=a[i],e.source===s.contentWindow&&(s.removeAttribute(\"style\"),\"height\"===t.message?(1e3<(r=parseInt(t.value,10))?r=1e3:~~r<200&&(r=200),s.height=r):\"link\"===t.message&&(r=new URL(s.getAttribute(\"src\")),n=new URL(t.value),c.test(n.protocol))&&n.host===r.host&&l.activeElement===s&&(d.top.location.href=t.value))}},d.addEventListener(\"message\",d.wp.receiveEmbedMessage,!1),l.addEventListener(\"DOMContentLoaded\",function(){for(var e,t,s=l.querySelectorAll(\"iframe.wp-embedded-content\"),r=0;r<s.length;r++)(t=(e=s[r]).getAttribute(\"data-secret\"))||(t=Math.random().toString(36).substring(2,12),e.src+=\"#?secret=\"+t,e.setAttribute(\"data-secret\",t)),e.contentWindow.postMessage({message:\"ready\",secret:t},\"*\")},!1)))}(window,document);\n\/\/# sourceURL=https:\/\/batijournal.com\/wp-includes\/js\/wp-embed.min.js\n\/* ]]> *\/\n<\/script>\n","thumbnail_url":"https:\/\/batijournal.com\/wp-content\/uploads\/2019\/02\/pompe-a-chaleur.jpg","thumbnail_width":1200,"thumbnail_height":702,"description":"La ministre de la Transition \u00e9cologique et solidaire Elisabeth Borne a abaiss\u00e9 le coefficient de conversion de l\u2019\u00e9lectricit\u00e9 en \u00e9nergie primaire, arbitrairement, \u00e0 2,3 (contre 2,58 aujourd\u2019hui). Le choix de valeurs artificiellement basses pour ce coefficient et son contenu carbone risque de conduire \u00e0 un recul important dans la performance \u00e9nerg\u00e9tique des b\u00e2timents. L\u2019Association n\u00e9gaWatt [&hellip;]"}