{"version":"1.0","provider_name":"Batijournal","provider_url":"https:\/\/batijournal.com","author_name":"St\u00e9phane Miget","author_url":"https:\/\/batijournal.com\/index.php\/author\/stephane\/","title":"La m\u00e9tamorphose du c\u0153ur de Reims","type":"rich","width":600,"height":338,"html":"<blockquote class=\"wp-embedded-content\" data-secret=\"Z7D6pBZTVT\"><a href=\"https:\/\/batijournal.com\/index.php\/reims-grand-centre-metamorphose-coeur-de-reims\/92075\/\">La m\u00e9tamorphose du c\u0153ur de Reims<\/a><\/blockquote><iframe sandbox=\"allow-scripts\" security=\"restricted\" src=\"https:\/\/batijournal.com\/index.php\/reims-grand-centre-metamorphose-coeur-de-reims\/92075\/embed\/#?secret=Z7D6pBZTVT\" width=\"600\" height=\"338\" title=\"\u00ab\u00a0La m\u00e9tamorphose du c\u0153ur de Reims\u00a0\u00bb &#8212; Batijournal\" data-secret=\"Z7D6pBZTVT\" frameborder=\"0\" marginwidth=\"0\" marginheight=\"0\" scrolling=\"no\" class=\"wp-embedded-content\"><\/iframe><script type=\"text\/javascript\">\n\/* <![CDATA[ *\/\n\/*! This file is auto-generated *\/\n!function(d,l){\"use strict\";l.querySelector&&d.addEventListener&&\"undefined\"!=typeof URL&&(d.wp=d.wp||{},d.wp.receiveEmbedMessage||(d.wp.receiveEmbedMessage=function(e){var t=e.data;if((t||t.secret||t.message||t.value)&&!\/[^a-zA-Z0-9]\/.test(t.secret)){for(var s,r,n,a=l.querySelectorAll('iframe[data-secret=\"'+t.secret+'\"]'),o=l.querySelectorAll('blockquote[data-secret=\"'+t.secret+'\"]'),c=new RegExp(\"^https?:$\",\"i\"),i=0;i<o.length;i++)o[i].style.display=\"none\";for(i=0;i<a.length;i++)s=a[i],e.source===s.contentWindow&&(s.removeAttribute(\"style\"),\"height\"===t.message?(1e3<(r=parseInt(t.value,10))?r=1e3:~~r<200&&(r=200),s.height=r):\"link\"===t.message&&(r=new URL(s.getAttribute(\"src\")),n=new URL(t.value),c.test(n.protocol))&&n.host===r.host&&l.activeElement===s&&(d.top.location.href=t.value))}},d.addEventListener(\"message\",d.wp.receiveEmbedMessage,!1),l.addEventListener(\"DOMContentLoaded\",function(){for(var e,t,s=l.querySelectorAll(\"iframe.wp-embedded-content\"),r=0;r<s.length;r++)(t=(e=s[r]).getAttribute(\"data-secret\"))||(t=Math.random().toString(36).substring(2,12),e.src+=\"#?secret=\"+t,e.setAttribute(\"data-secret\",t)),e.contentWindow.postMessage({message:\"ready\",secret:t},\"*\")},!1)))}(window,document);\n\/\/# sourceURL=https:\/\/batijournal.com\/wp-includes\/js\/wp-embed.min.js\n\/* ]]> *\/\n<\/script>\n","thumbnail_url":"https:\/\/batijournal.com\/wp-content\/uploads\/2016\/04\/Reims-Grand-Centre.png","thumbnail_width":1121,"thumbnail_height":715,"description":"Le c\u0153ur de Reims se pr\u00e9pare \u00e0 de profondes transformations. L\u2019\u00e9quipe emmen\u00e9e par Arnaud Robinet et Catherine Vautrin, d\u00e9put\u00e9e-pr\u00e9sidente de Reims M\u00e9tropole, propose une \u00ab nouvelle vision \u00bb de la ville. Reims Grand Centre est un projet pour tout le territoire du bassin de vie r\u00e9mois. Il doit \u00e9tendre le c\u0153ur de ville au secteur [&hellip;]"}