{"version":"1.0","provider_name":"Batijournal","provider_url":"https:\/\/batijournal.com","author_name":"St\u00e9phane Miget","author_url":"https:\/\/batijournal.com\/index.php\/author\/stephane\/","title":"Restructuration de la Biblioth\u00e8que Humaniste de S\u00e9lestat","type":"rich","width":600,"height":338,"html":"<blockquote class=\"wp-embedded-content\" data-secret=\"xY9OIS7vfb\"><a href=\"https:\/\/batijournal.com\/index.php\/restructuration-de-bibliotheque-humaniste-de-selestat\/92737\/\">Restructuration de la Biblioth\u00e8que Humaniste de S\u00e9lestat<\/a><\/blockquote><iframe sandbox=\"allow-scripts\" security=\"restricted\" src=\"https:\/\/batijournal.com\/index.php\/restructuration-de-bibliotheque-humaniste-de-selestat\/92737\/embed\/#?secret=xY9OIS7vfb\" width=\"600\" height=\"338\" title=\"\u00ab\u00a0Restructuration de la Biblioth\u00e8que Humaniste de S\u00e9lestat\u00a0\u00bb &#8212; Batijournal\" data-secret=\"xY9OIS7vfb\" frameborder=\"0\" marginwidth=\"0\" marginheight=\"0\" scrolling=\"no\" class=\"wp-embedded-content\"><\/iframe><script type=\"text\/javascript\">\n\/* <![CDATA[ *\/\n\/*! This file is auto-generated *\/\n!function(d,l){\"use strict\";l.querySelector&&d.addEventListener&&\"undefined\"!=typeof URL&&(d.wp=d.wp||{},d.wp.receiveEmbedMessage||(d.wp.receiveEmbedMessage=function(e){var t=e.data;if((t||t.secret||t.message||t.value)&&!\/[^a-zA-Z0-9]\/.test(t.secret)){for(var s,r,n,a=l.querySelectorAll('iframe[data-secret=\"'+t.secret+'\"]'),o=l.querySelectorAll('blockquote[data-secret=\"'+t.secret+'\"]'),c=new RegExp(\"^https?:$\",\"i\"),i=0;i<o.length;i++)o[i].style.display=\"none\";for(i=0;i<a.length;i++)s=a[i],e.source===s.contentWindow&&(s.removeAttribute(\"style\"),\"height\"===t.message?(1e3<(r=parseInt(t.value,10))?r=1e3:~~r<200&&(r=200),s.height=r):\"link\"===t.message&&(r=new URL(s.getAttribute(\"src\")),n=new URL(t.value),c.test(n.protocol))&&n.host===r.host&&l.activeElement===s&&(d.top.location.href=t.value))}},d.addEventListener(\"message\",d.wp.receiveEmbedMessage,!1),l.addEventListener(\"DOMContentLoaded\",function(){for(var e,t,s=l.querySelectorAll(\"iframe.wp-embedded-content\"),r=0;r<s.length;r++)(t=(e=s[r]).getAttribute(\"data-secret\"))||(t=Math.random().toString(36).substring(2,12),e.src+=\"#?secret=\"+t,e.setAttribute(\"data-secret\",t)),e.contentWindow.postMessage({message:\"ready\",secret:t},\"*\")},!1)))}(window,document);\n\/\/# sourceURL=https:\/\/batijournal.com\/wp-includes\/js\/wp-embed.min.js\n\/* ]]> *\/\n<\/script>\n","thumbnail_url":"https:\/\/batijournal.com\/wp-content\/uploads\/2016\/05\/Restructuration-de-la-Bibliotheque-Humaniste-de-Selestat.png","thumbnail_width":1057,"thumbnail_height":349,"description":"S\u00e9lestat a \u00e9t\u00e9 l\u2019un des foyers de l\u2019humanisme rh\u00e9nan aux XVe et XVIe si\u00e8cles. La Biblioth\u00e8que Humaniste reste le t\u00e9moin de cet \u00e2ge d\u2019or dans l\u2019histoire culturelle du Rhin Sup\u00e9rieur. L\u2019ancienne Halle aux Bl\u00e9s, construite en 1840, abrite depuis 1889 ce joyau de la ville, constitu\u00e9 de la biblioth\u00e8que de l\u2019\u00e9cole latine de S\u00e9lestat, berceau [&hellip;]"}