{"version":"1.0","provider_name":"Batijournal","provider_url":"https:\/\/batijournal.com","author_name":"Bati-journal","author_url":"https:\/\/batijournal.com\/index.php\/author\/elodie\/","title":"R\u00e9sultats du concours d\u2019Architecture Bas Carbone 2011 d\u2019EDF","type":"rich","width":600,"height":338,"html":"<blockquote class=\"wp-embedded-content\" data-secret=\"1oi6AA5EfD\"><a href=\"https:\/\/batijournal.com\/index.php\/resultats-du-concours-darchitecture-bas-carbone-2011-dedf\/79908\/\">R\u00e9sultats du concours d\u2019Architecture Bas Carbone 2011 d\u2019EDF<\/a><\/blockquote><iframe sandbox=\"allow-scripts\" security=\"restricted\" src=\"https:\/\/batijournal.com\/index.php\/resultats-du-concours-darchitecture-bas-carbone-2011-dedf\/79908\/embed\/#?secret=1oi6AA5EfD\" width=\"600\" height=\"338\" title=\"\u00ab\u00a0R\u00e9sultats du concours d\u2019Architecture Bas Carbone 2011 d\u2019EDF\u00a0\u00bb &#8212; Batijournal\" data-secret=\"1oi6AA5EfD\" frameborder=\"0\" marginwidth=\"0\" marginheight=\"0\" scrolling=\"no\" class=\"wp-embedded-content\"><\/iframe><script type=\"text\/javascript\">\n\/* <![CDATA[ *\/\n\/*! This file is auto-generated *\/\n!function(d,l){\"use strict\";l.querySelector&&d.addEventListener&&\"undefined\"!=typeof URL&&(d.wp=d.wp||{},d.wp.receiveEmbedMessage||(d.wp.receiveEmbedMessage=function(e){var t=e.data;if((t||t.secret||t.message||t.value)&&!\/[^a-zA-Z0-9]\/.test(t.secret)){for(var s,r,n,a=l.querySelectorAll('iframe[data-secret=\"'+t.secret+'\"]'),o=l.querySelectorAll('blockquote[data-secret=\"'+t.secret+'\"]'),c=new RegExp(\"^https?:$\",\"i\"),i=0;i<o.length;i++)o[i].style.display=\"none\";for(i=0;i<a.length;i++)s=a[i],e.source===s.contentWindow&&(s.removeAttribute(\"style\"),\"height\"===t.message?(1e3<(r=parseInt(t.value,10))?r=1e3:~~r<200&&(r=200),s.height=r):\"link\"===t.message&&(r=new URL(s.getAttribute(\"src\")),n=new URL(t.value),c.test(n.protocol))&&n.host===r.host&&l.activeElement===s&&(d.top.location.href=t.value))}},d.addEventListener(\"message\",d.wp.receiveEmbedMessage,!1),l.addEventListener(\"DOMContentLoaded\",function(){for(var e,t,s=l.querySelectorAll(\"iframe.wp-embedded-content\"),r=0;r<s.length;r++)(t=(e=s[r]).getAttribute(\"data-secret\"))||(t=Math.random().toString(36).substring(2,12),e.src+=\"#?secret=\"+t,e.setAttribute(\"data-secret\",t)),e.contentWindow.postMessage({message:\"ready\",secret:t},\"*\")},!1)))}(window,document);\n\/\/# sourceURL=https:\/\/batijournal.com\/wp-includes\/js\/wp-embed.min.js\n\/* ]]> *\/\n<\/script>\n","thumbnail_url":"https:\/\/batijournal.com\/wp-content\/uploads\/2015\/03\/33510793.jpg","thumbnail_width":600,"thumbnail_height":330,"description":"Pour sa quatri\u00e8me \u00e9dition, le concours d\u2019Architecture Bas Carbone d\u2019EDF a choisi de r\u00e9compenser les projets architecturaux innovants autour de la th\u00e9matique de \u00ab l\u2019habitat dans son environnement \u00bb. Ce concours r\u00e9unit tous les ans architectes, bureaux d\u2019\u00e9tudes et am\u00e9nageurs pour faire \u00e9merger des projets de construction ou de r\u00e9novation permettant de r\u00e9duire efficacement l\u2019empreinte [&hellip;]"}