{"version":"1.0","provider_name":"Batijournal","provider_url":"https:\/\/batijournal.com","author_name":"Bati-journal","author_url":"https:\/\/batijournal.com\/index.php\/author\/elodie\/","title":"Rome\u00a0: ravalement \u00e0 la chaux au palais Borgh\u00e8se","type":"rich","width":600,"height":338,"html":"<blockquote class=\"wp-embedded-content\" data-secret=\"6SzI036N4c\"><a href=\"https:\/\/batijournal.com\/index.php\/rome-ravalement-a-la-chaux-au-palais-borghese\/76296\/\">Rome\u00a0: ravalement \u00e0 la chaux au palais Borgh\u00e8se<\/a><\/blockquote><iframe sandbox=\"allow-scripts\" security=\"restricted\" src=\"https:\/\/batijournal.com\/index.php\/rome-ravalement-a-la-chaux-au-palais-borghese\/76296\/embed\/#?secret=6SzI036N4c\" width=\"600\" height=\"338\" title=\"\u00ab\u00a0Rome\u00a0: ravalement \u00e0 la chaux au palais Borgh\u00e8se\u00a0\u00bb &#8212; Batijournal\" data-secret=\"6SzI036N4c\" frameborder=\"0\" marginwidth=\"0\" marginheight=\"0\" scrolling=\"no\" class=\"wp-embedded-content\"><\/iframe><script type=\"text\/javascript\">\n\/* <![CDATA[ *\/\n\/*! This file is auto-generated *\/\n!function(d,l){\"use strict\";l.querySelector&&d.addEventListener&&\"undefined\"!=typeof URL&&(d.wp=d.wp||{},d.wp.receiveEmbedMessage||(d.wp.receiveEmbedMessage=function(e){var t=e.data;if((t||t.secret||t.message||t.value)&&!\/[^a-zA-Z0-9]\/.test(t.secret)){for(var s,r,n,a=l.querySelectorAll('iframe[data-secret=\"'+t.secret+'\"]'),o=l.querySelectorAll('blockquote[data-secret=\"'+t.secret+'\"]'),c=new RegExp(\"^https?:$\",\"i\"),i=0;i<o.length;i++)o[i].style.display=\"none\";for(i=0;i<a.length;i++)s=a[i],e.source===s.contentWindow&&(s.removeAttribute(\"style\"),\"height\"===t.message?(1e3<(r=parseInt(t.value,10))?r=1e3:~~r<200&&(r=200),s.height=r):\"link\"===t.message&&(r=new URL(s.getAttribute(\"src\")),n=new URL(t.value),c.test(n.protocol))&&n.host===r.host&&l.activeElement===s&&(d.top.location.href=t.value))}},d.addEventListener(\"message\",d.wp.receiveEmbedMessage,!1),l.addEventListener(\"DOMContentLoaded\",function(){for(var e,t,s=l.querySelectorAll(\"iframe.wp-embedded-content\"),r=0;r<s.length;r++)(t=(e=s[r]).getAttribute(\"data-secret\"))||(t=Math.random().toString(36).substring(2,12),e.src+=\"#?secret=\"+t,e.setAttribute(\"data-secret\",t)),e.contentWindow.postMessage({message:\"ready\",secret:t},\"*\")},!1)))}(window,document);\n\/\/# sourceURL=https:\/\/batijournal.com\/wp-includes\/js\/wp-embed.min.js\n\/* ]]> *\/\n<\/script>\n","description":"Le projet de remise en \u00e9tat de cet imposant \u00e9difice comportait plusieurs phases : restauration des grandes portes d\u0092entr\u00e9e en bois ainsi que des balustrades, vernissage des ouvrages en fer forg\u00e9, r\u00e9fection et imperm\u00e9abiliation des toitures, restauration et parfois restitution \u00e0 l\u0092identique de pi\u00e8ces de mobilier, et ravalement des fa\u00e7ades. Un palais charg\u00e9 d\u0092histoireLe palais [&hellip;]"}