{"version":"1.0","provider_name":"Batijournal","provider_url":"https:\/\/batijournal.com","author_name":"St\u00e9phane Miget","author_url":"https:\/\/batijournal.com\/index.php\/author\/stephane\/","title":"Sobri\u00e9t\u00e9 fonci\u00e8re et qualit\u00e9 du cadre de vie","type":"rich","width":600,"height":338,"html":"<blockquote class=\"wp-embedded-content\" data-secret=\"qdgDsw2GLJ\"><a href=\"https:\/\/batijournal.com\/index.php\/sobriete-fonciere-et-qualite-du-cadre-de-vie\/106102\/\">Sobri\u00e9t\u00e9 fonci\u00e8re et qualit\u00e9 du cadre de vie<\/a><\/blockquote><iframe sandbox=\"allow-scripts\" security=\"restricted\" src=\"https:\/\/batijournal.com\/index.php\/sobriete-fonciere-et-qualite-du-cadre-de-vie\/106102\/embed\/#?secret=qdgDsw2GLJ\" width=\"600\" height=\"338\" title=\"\u00ab\u00a0Sobri\u00e9t\u00e9 fonci\u00e8re et qualit\u00e9 du cadre de vie\u00a0\u00bb &#8212; Batijournal\" data-secret=\"qdgDsw2GLJ\" frameborder=\"0\" marginwidth=\"0\" marginheight=\"0\" scrolling=\"no\" class=\"wp-embedded-content\"><\/iframe><script type=\"text\/javascript\">\n\/* <![CDATA[ *\/\n\/*! This file is auto-generated *\/\n!function(d,l){\"use strict\";l.querySelector&&d.addEventListener&&\"undefined\"!=typeof URL&&(d.wp=d.wp||{},d.wp.receiveEmbedMessage||(d.wp.receiveEmbedMessage=function(e){var t=e.data;if((t||t.secret||t.message||t.value)&&!\/[^a-zA-Z0-9]\/.test(t.secret)){for(var s,r,n,a=l.querySelectorAll('iframe[data-secret=\"'+t.secret+'\"]'),o=l.querySelectorAll('blockquote[data-secret=\"'+t.secret+'\"]'),c=new RegExp(\"^https?:$\",\"i\"),i=0;i<o.length;i++)o[i].style.display=\"none\";for(i=0;i<a.length;i++)s=a[i],e.source===s.contentWindow&&(s.removeAttribute(\"style\"),\"height\"===t.message?(1e3<(r=parseInt(t.value,10))?r=1e3:~~r<200&&(r=200),s.height=r):\"link\"===t.message&&(r=new URL(s.getAttribute(\"src\")),n=new URL(t.value),c.test(n.protocol))&&n.host===r.host&&l.activeElement===s&&(d.top.location.href=t.value))}},d.addEventListener(\"message\",d.wp.receiveEmbedMessage,!1),l.addEventListener(\"DOMContentLoaded\",function(){for(var e,t,s=l.querySelectorAll(\"iframe.wp-embedded-content\"),r=0;r<s.length;r++)(t=(e=s[r]).getAttribute(\"data-secret\"))||(t=Math.random().toString(36).substring(2,12),e.src+=\"#?secret=\"+t,e.setAttribute(\"data-secret\",t)),e.contentWindow.postMessage({message:\"ready\",secret:t},\"*\")},!1)))}(window,document);\n\/\/# sourceURL=https:\/\/batijournal.com\/wp-includes\/js\/wp-embed.min.js\n\/* ]]> *\/\n<\/script>\n","thumbnail_url":"https:\/\/batijournal.com\/wp-content\/uploads\/2015\/09\/cadastre.jpg","thumbnail_width":1000,"thumbnail_height":654,"description":"Le projet de loi dit \u00ab climat et r\u00e9silience \u00bb vient traduire sur le plan l\u00e9gislatif les attentes exprim\u00e9es par la Convention citoyenne pour le climat, mais aussi donner corps aux ambitions du Gouvernement de r\u00e9duire consid\u00e9rablement le rythme actuel de l\u2019artificialisation des sols. Le titre IV \u00ab Se loger \u00bb comporte une s\u00e9rie de [&hellip;]"}