{"version":"1.0","provider_name":"Batijournal","provider_url":"https:\/\/batijournal.com","author_name":"St\u00e9phane Miget","author_url":"https:\/\/batijournal.com\/index.php\/author\/stephane\/","title":"Strasbourg 1200-1230 : la r\u00e9volution gothique","type":"rich","width":600,"height":338,"html":"<blockquote class=\"wp-embedded-content\" data-secret=\"SvghiL9iHn\"><a href=\"https:\/\/batijournal.com\/index.php\/strasbourg-1200-1230-la-revolution-gothique\/89776\/\">Strasbourg 1200-1230 : la r\u00e9volution gothique<\/a><\/blockquote><iframe sandbox=\"allow-scripts\" security=\"restricted\" src=\"https:\/\/batijournal.com\/index.php\/strasbourg-1200-1230-la-revolution-gothique\/89776\/embed\/#?secret=SvghiL9iHn\" width=\"600\" height=\"338\" title=\"\u00ab\u00a0Strasbourg 1200-1230 : la r\u00e9volution gothique\u00a0\u00bb &#8212; Batijournal\" data-secret=\"SvghiL9iHn\" frameborder=\"0\" marginwidth=\"0\" marginheight=\"0\" scrolling=\"no\" class=\"wp-embedded-content\"><\/iframe><script type=\"text\/javascript\">\n\/* <![CDATA[ *\/\n\/*! This file is auto-generated *\/\n!function(d,l){\"use strict\";l.querySelector&&d.addEventListener&&\"undefined\"!=typeof URL&&(d.wp=d.wp||{},d.wp.receiveEmbedMessage||(d.wp.receiveEmbedMessage=function(e){var t=e.data;if((t||t.secret||t.message||t.value)&&!\/[^a-zA-Z0-9]\/.test(t.secret)){for(var s,r,n,a=l.querySelectorAll('iframe[data-secret=\"'+t.secret+'\"]'),o=l.querySelectorAll('blockquote[data-secret=\"'+t.secret+'\"]'),c=new RegExp(\"^https?:$\",\"i\"),i=0;i<o.length;i++)o[i].style.display=\"none\";for(i=0;i<a.length;i++)s=a[i],e.source===s.contentWindow&&(s.removeAttribute(\"style\"),\"height\"===t.message?(1e3<(r=parseInt(t.value,10))?r=1e3:~~r<200&&(r=200),s.height=r):\"link\"===t.message&&(r=new URL(s.getAttribute(\"src\")),n=new URL(t.value),c.test(n.protocol))&&n.host===r.host&&l.activeElement===s&&(d.top.location.href=t.value))}},d.addEventListener(\"message\",d.wp.receiveEmbedMessage,!1),l.addEventListener(\"DOMContentLoaded\",function(){for(var e,t,s=l.querySelectorAll(\"iframe.wp-embedded-content\"),r=0;r<s.length;r++)(t=(e=s[r]).getAttribute(\"data-secret\"))||(t=Math.random().toString(36).substring(2,12),e.src+=\"#?secret=\"+t,e.setAttribute(\"data-secret\",t)),e.contentWindow.postMessage({message:\"ready\",secret:t},\"*\")},!1)))}(window,document);\n\/\/# sourceURL=https:\/\/batijournal.com\/wp-includes\/js\/wp-embed.min.js\n\/* ]]> *\/\n<\/script>\n","thumbnail_url":"https:\/\/batijournal.com\/wp-content\/uploads\/2015\/10\/8.-Couronnement-de-la-Vierge-par-le-Christ.jpeg","thumbnail_width":1024,"thumbnail_height":998,"description":"Propos\u00e9e dans le cadre du Mill\u00e9naire des fondations de la cath\u00e9drale de Strasbourg, cette exposition \u00e9voque l\u2019arriv\u00e9e du style gothique \u00e0 Strasbourg au d\u00e9but du XIIIe si\u00e8cle. La construction du transept sud de la cath\u00e9drale est la premi\u00e8re manifestation du nouveau style en terre germanique. Les travaux de sculpture qu\u2019elle occasionne, en particulier les statues [&hellip;]"}