{"version":"1.0","provider_name":"Batijournal","provider_url":"https:\/\/batijournal.com","author_name":"St\u00e9phane Miget","author_url":"https:\/\/batijournal.com\/index.php\/author\/stephane\/","title":"Travailleurs d\u00e9tach\u00e9s : vivement une action europ\u00e9enne efficace","type":"rich","width":600,"height":338,"html":"<blockquote class=\"wp-embedded-content\" data-secret=\"UKQ13dahwg\"><a href=\"https:\/\/batijournal.com\/index.php\/travailleurs-detaches-vivement-action-europeenne-efficace\/95412\/\">Travailleurs d\u00e9tach\u00e9s : vivement une action europ\u00e9enne efficace<\/a><\/blockquote><iframe sandbox=\"allow-scripts\" security=\"restricted\" src=\"https:\/\/batijournal.com\/index.php\/travailleurs-detaches-vivement-action-europeenne-efficace\/95412\/embed\/#?secret=UKQ13dahwg\" width=\"600\" height=\"338\" title=\"\u00ab\u00a0Travailleurs d\u00e9tach\u00e9s : vivement une action europ\u00e9enne efficace\u00a0\u00bb &#8212; Batijournal\" data-secret=\"UKQ13dahwg\" frameborder=\"0\" marginwidth=\"0\" marginheight=\"0\" scrolling=\"no\" class=\"wp-embedded-content\"><\/iframe><script type=\"text\/javascript\">\n\/* <![CDATA[ *\/\n\/*! This file is auto-generated *\/\n!function(d,l){\"use strict\";l.querySelector&&d.addEventListener&&\"undefined\"!=typeof URL&&(d.wp=d.wp||{},d.wp.receiveEmbedMessage||(d.wp.receiveEmbedMessage=function(e){var t=e.data;if((t||t.secret||t.message||t.value)&&!\/[^a-zA-Z0-9]\/.test(t.secret)){for(var s,r,n,a=l.querySelectorAll('iframe[data-secret=\"'+t.secret+'\"]'),o=l.querySelectorAll('blockquote[data-secret=\"'+t.secret+'\"]'),c=new RegExp(\"^https?:$\",\"i\"),i=0;i<o.length;i++)o[i].style.display=\"none\";for(i=0;i<a.length;i++)s=a[i],e.source===s.contentWindow&&(s.removeAttribute(\"style\"),\"height\"===t.message?(1e3<(r=parseInt(t.value,10))?r=1e3:~~r<200&&(r=200),s.height=r):\"link\"===t.message&&(r=new URL(s.getAttribute(\"src\")),n=new URL(t.value),c.test(n.protocol))&&n.host===r.host&&l.activeElement===s&&(d.top.location.href=t.value))}},d.addEventListener(\"message\",d.wp.receiveEmbedMessage,!1),l.addEventListener(\"DOMContentLoaded\",function(){for(var e,t,s=l.querySelectorAll(\"iframe.wp-embedded-content\"),r=0;r<s.length;r++)(t=(e=s[r]).getAttribute(\"data-secret\"))||(t=Math.random().toString(36).substring(2,12),e.src+=\"#?secret=\"+t,e.setAttribute(\"data-secret\",t)),e.contentWindow.postMessage({message:\"ready\",secret:t},\"*\")},!1)))}(window,document);\n\/\/# sourceURL=https:\/\/batijournal.com\/wp-includes\/js\/wp-embed.min.js\n\/* ]]> *\/\n<\/script>\n","thumbnail_url":"https:\/\/batijournal.com\/wp-content\/uploads\/2016\/12\/Fotolia_59265048_S.jpg","thumbnail_width":848,"thumbnail_height":566,"description":"Alors que plusieurs r\u00e9gions pensent obliger les ouvriers \u00e0 parler le fran\u00e7ais sur les chantiers via la clause dite Moli\u00e8re, les PME restent confront\u00e9es \u00e0 une distorsion de concurrence l\u00e9gale o\u00f9 les abus sont l\u00e9gion et restent difficiles \u00e0 contr\u00f4ler. Selon la Commission Nationale de Lutte contre le Travail Ill\u00e9gal (CNLTI), il y avait en [&hellip;]"}