{"version":"1.0","provider_name":"Batijournal","provider_url":"https:\/\/batijournal.com","author_name":"St\u00e9phane Miget","author_url":"https:\/\/batijournal.com\/index.php\/author\/stephane\/","title":"Tr\u00eave hivernale jusqu\u2019au 10 juillet","type":"rich","width":600,"height":338,"html":"<blockquote class=\"wp-embedded-content\" data-secret=\"BVD6fKEXM4\"><a href=\"https:\/\/batijournal.com\/index.php\/treve-hivernale-jusquau-10-juillet\/104217\/\">Tr\u00eave hivernale jusqu\u2019au 10 juillet<\/a><\/blockquote><iframe sandbox=\"allow-scripts\" security=\"restricted\" src=\"https:\/\/batijournal.com\/index.php\/treve-hivernale-jusquau-10-juillet\/104217\/embed\/#?secret=BVD6fKEXM4\" width=\"600\" height=\"338\" title=\"\u00ab\u00a0Tr\u00eave hivernale jusqu\u2019au 10 juillet\u00a0\u00bb &#8212; Batijournal\" data-secret=\"BVD6fKEXM4\" frameborder=\"0\" marginwidth=\"0\" marginheight=\"0\" scrolling=\"no\" class=\"wp-embedded-content\"><\/iframe><script type=\"text\/javascript\">\n\/* <![CDATA[ *\/\n\/*! This file is auto-generated *\/\n!function(d,l){\"use strict\";l.querySelector&&d.addEventListener&&\"undefined\"!=typeof URL&&(d.wp=d.wp||{},d.wp.receiveEmbedMessage||(d.wp.receiveEmbedMessage=function(e){var t=e.data;if((t||t.secret||t.message||t.value)&&!\/[^a-zA-Z0-9]\/.test(t.secret)){for(var s,r,n,a=l.querySelectorAll('iframe[data-secret=\"'+t.secret+'\"]'),o=l.querySelectorAll('blockquote[data-secret=\"'+t.secret+'\"]'),c=new RegExp(\"^https?:$\",\"i\"),i=0;i<o.length;i++)o[i].style.display=\"none\";for(i=0;i<a.length;i++)s=a[i],e.source===s.contentWindow&&(s.removeAttribute(\"style\"),\"height\"===t.message?(1e3<(r=parseInt(t.value,10))?r=1e3:~~r<200&&(r=200),s.height=r):\"link\"===t.message&&(r=new URL(s.getAttribute(\"src\")),n=new URL(t.value),c.test(n.protocol))&&n.host===r.host&&l.activeElement===s&&(d.top.location.href=t.value))}},d.addEventListener(\"message\",d.wp.receiveEmbedMessage,!1),l.addEventListener(\"DOMContentLoaded\",function(){for(var e,t,s=l.querySelectorAll(\"iframe.wp-embedded-content\"),r=0;r<s.length;r++)(t=(e=s[r]).getAttribute(\"data-secret\"))||(t=Math.random().toString(36).substring(2,12),e.src+=\"#?secret=\"+t,e.setAttribute(\"data-secret\",t)),e.contentWindow.postMessage({message:\"ready\",secret:t},\"*\")},!1)))}(window,document);\n\/\/# sourceURL=https:\/\/batijournal.com\/wp-includes\/js\/wp-embed.min.js\n\/* ]]> *\/\n<\/script>\n","thumbnail_url":"https:\/\/batijournal.com\/wp-content\/uploads\/2017\/05\/Logements-sociaux-et-equipements-sportifs-dans-le-10eme-arrondissement-de-Paris-3-e1758109579933.jpg","thumbnail_width":1200,"thumbnail_height":660,"description":"Face \u00e0 la propagation du Covid-19, d\u00e8s le 12 mars, le Pr\u00e9sident de la R\u00e9publique avait annonc\u00e9 le report in\u00e9dit de fin de la tr\u00eave hivernale jusqu\u2019au 31 mai, soit pour deux mois suppl\u00e9mentaires. Afin de tenir compte de la prolongation de l\u2019\u00e9tat d\u2019urgence sanitaire jusqu\u2019au 10 juillet, l\u2019Assembl\u00e9e nationale vient de voter un nouveau [&hellip;]"}