{"version":"1.0","provider_name":"Batijournal","provider_url":"https:\/\/batijournal.com","author_name":"Bati-journal","author_url":"https:\/\/batijournal.com\/index.php\/author\/elodie\/","title":"Troisi\u00e8me session de l'appel \u00e0 projets Chaufferies biomasse","type":"rich","width":600,"height":338,"html":"<blockquote class=\"wp-embedded-content\" data-secret=\"jJ8p8YSWBe\"><a href=\"https:\/\/batijournal.com\/index.php\/troisieme-session-de-lappel-a-projets-chaufferies-biomasse\/71922\/\">Troisi\u00e8me session de l&rsquo;appel \u00e0 projets Chaufferies biomasse<\/a><\/blockquote><iframe sandbox=\"allow-scripts\" security=\"restricted\" src=\"https:\/\/batijournal.com\/index.php\/troisieme-session-de-lappel-a-projets-chaufferies-biomasse\/71922\/embed\/#?secret=jJ8p8YSWBe\" width=\"600\" height=\"338\" title=\"\u00ab\u00a0Troisi\u00e8me session de l&rsquo;appel \u00e0 projets Chaufferies biomasse\u00a0\u00bb &#8212; Batijournal\" data-secret=\"jJ8p8YSWBe\" frameborder=\"0\" marginwidth=\"0\" marginheight=\"0\" scrolling=\"no\" class=\"wp-embedded-content\"><\/iframe><script type=\"text\/javascript\">\n\/* <![CDATA[ *\/\n\/*! This file is auto-generated *\/\n!function(d,l){\"use strict\";l.querySelector&&d.addEventListener&&\"undefined\"!=typeof URL&&(d.wp=d.wp||{},d.wp.receiveEmbedMessage||(d.wp.receiveEmbedMessage=function(e){var t=e.data;if((t||t.secret||t.message||t.value)&&!\/[^a-zA-Z0-9]\/.test(t.secret)){for(var s,r,n,a=l.querySelectorAll('iframe[data-secret=\"'+t.secret+'\"]'),o=l.querySelectorAll('blockquote[data-secret=\"'+t.secret+'\"]'),c=new RegExp(\"^https?:$\",\"i\"),i=0;i<o.length;i++)o[i].style.display=\"none\";for(i=0;i<a.length;i++)s=a[i],e.source===s.contentWindow&&(s.removeAttribute(\"style\"),\"height\"===t.message?(1e3<(r=parseInt(t.value,10))?r=1e3:~~r<200&&(r=200),s.height=r):\"link\"===t.message&&(r=new URL(s.getAttribute(\"src\")),n=new URL(t.value),c.test(n.protocol))&&n.host===r.host&&l.activeElement===s&&(d.top.location.href=t.value))}},d.addEventListener(\"message\",d.wp.receiveEmbedMessage,!1),l.addEventListener(\"DOMContentLoaded\",function(){for(var e,t,s=l.querySelectorAll(\"iframe.wp-embedded-content\"),r=0;r<s.length;r++)(t=(e=s[r]).getAttribute(\"data-secret\"))||(t=Math.random().toString(36).substring(2,12),e.src+=\"#?secret=\"+t,e.setAttribute(\"data-secret\",t)),e.contentWindow.postMessage({message:\"ready\",secret:t},\"*\")},!1)))}(window,document);\n\/\/# sourceURL=https:\/\/batijournal.com\/wp-includes\/js\/wp-embed.min.js\n\/* ]]> *\/\n<\/script>\n","description":"La loi Grenelle a fix\u00e9 \u00e0 23 % la part des \u00e9nergies renouvelables et de r\u00e9cup\u00e9ration dans la consommation d&rsquo;\u00e9nergie totale d&rsquo;ici \u00e0 2020 en France. Or la r\u00e9gion francilienne est fortement urbanis\u00e9e avec un parc de b\u00e2timents vieillissants et particuli\u00e8rement \u00e9nergivores. Parall\u00e8lement, le Sch\u00e9ma r\u00e9gional Climat Air Energie met en avant le fort potentiel [&hellip;]"}