{"version":"1.0","provider_name":"Batijournal","provider_url":"https:\/\/batijournal.com","author_name":"Bati-journal","author_url":"https:\/\/batijournal.com\/index.php\/author\/elodie\/","title":"Une tuile \u00e0 c\u00f4te esth\u00e9tique et \u00e9conomique","type":"rich","width":600,"height":338,"html":"<blockquote class=\"wp-embedded-content\" data-secret=\"0ghHil43AQ\"><a href=\"https:\/\/batijournal.com\/index.php\/une-tuile-a-cote-esthetique-et-economique\/82873\/\">Une tuile \u00e0 c\u00f4te esth\u00e9tique et \u00e9conomique<\/a><\/blockquote><iframe sandbox=\"allow-scripts\" security=\"restricted\" src=\"https:\/\/batijournal.com\/index.php\/une-tuile-a-cote-esthetique-et-economique\/82873\/embed\/#?secret=0ghHil43AQ\" width=\"600\" height=\"338\" title=\"\u00ab\u00a0Une tuile \u00e0 c\u00f4te esth\u00e9tique et \u00e9conomique\u00a0\u00bb &#8212; Batijournal\" data-secret=\"0ghHil43AQ\" frameborder=\"0\" marginwidth=\"0\" marginheight=\"0\" scrolling=\"no\" class=\"wp-embedded-content\"><\/iframe><script type=\"text\/javascript\">\n\/* <![CDATA[ *\/\n\/*! This file is auto-generated *\/\n!function(d,l){\"use strict\";l.querySelector&&d.addEventListener&&\"undefined\"!=typeof URL&&(d.wp=d.wp||{},d.wp.receiveEmbedMessage||(d.wp.receiveEmbedMessage=function(e){var t=e.data;if((t||t.secret||t.message||t.value)&&!\/[^a-zA-Z0-9]\/.test(t.secret)){for(var s,r,n,a=l.querySelectorAll('iframe[data-secret=\"'+t.secret+'\"]'),o=l.querySelectorAll('blockquote[data-secret=\"'+t.secret+'\"]'),c=new RegExp(\"^https?:$\",\"i\"),i=0;i<o.length;i++)o[i].style.display=\"none\";for(i=0;i<a.length;i++)s=a[i],e.source===s.contentWindow&&(s.removeAttribute(\"style\"),\"height\"===t.message?(1e3<(r=parseInt(t.value,10))?r=1e3:~~r<200&&(r=200),s.height=r):\"link\"===t.message&&(r=new URL(s.getAttribute(\"src\")),n=new URL(t.value),c.test(n.protocol))&&n.host===r.host&&l.activeElement===s&&(d.top.location.href=t.value))}},d.addEventListener(\"message\",d.wp.receiveEmbedMessage,!1),l.addEventListener(\"DOMContentLoaded\",function(){for(var e,t,s=l.querySelectorAll(\"iframe.wp-embedded-content\"),r=0;r<s.length;r++)(t=(e=s[r]).getAttribute(\"data-secret\"))||(t=Math.random().toString(36).substring(2,12),e.src+=\"#?secret=\"+t,e.setAttribute(\"data-secret\",t)),e.contentWindow.postMessage({message:\"ready\",secret:t},\"*\")},!1)))}(window,document);\n\/\/# sourceURL=https:\/\/batijournal.com\/wp-includes\/js\/wp-embed.min.js\n\/* ]]> *\/\n<\/script>\n","thumbnail_url":"https:\/\/batijournal.com\/wp-content\/uploads\/2015\/03\/52622936.jpg","thumbnail_width":378,"thumbnail_height":599,"description":"Disponible en 5 coloris, la nouvelle tuile Montagny de Terreal s&rsquo;adapte \u00e0 tous les syst\u00e8mes constructifs et aux r\u00e9gions fran\u00e7aises o\u00f9 les tuiles \u00e0 c\u00f4tes sont mises en \u0153uvre. Elle se diff\u00e9rencie des tuiles \u00e0 c\u00f4tes traditionnelles par ses lignes \u00e9pur\u00e9es et sa c\u00f4te centrale moderne. Ses formes g\u00e9om\u00e9triques donnent aux toits un rythme harmonieux [&hellip;]"}