{"version":"1.0","provider_name":"Batijournal","provider_url":"https:\/\/batijournal.com","author_name":"St\u00e9phane Miget","author_url":"https:\/\/batijournal.com\/index.php\/author\/stephane\/","title":"Urbain des Bois veut utiliser du bois fran\u00e7ais","type":"rich","width":600,"height":338,"html":"<blockquote class=\"wp-embedded-content\" data-secret=\"wAQKE6FMAE\"><a href=\"https:\/\/batijournal.com\/index.php\/urbain-des-bois-veut-utiliser-du-bois-francais\/108449\/\">Urbain des Bois veut utiliser du bois fran\u00e7ais<\/a><\/blockquote><iframe sandbox=\"allow-scripts\" security=\"restricted\" src=\"https:\/\/batijournal.com\/index.php\/urbain-des-bois-veut-utiliser-du-bois-francais\/108449\/embed\/#?secret=wAQKE6FMAE\" width=\"600\" height=\"338\" title=\"\u00ab\u00a0Urbain des Bois veut utiliser du bois fran\u00e7ais\u00a0\u00bb &#8212; Batijournal\" data-secret=\"wAQKE6FMAE\" frameborder=\"0\" marginwidth=\"0\" marginheight=\"0\" scrolling=\"no\" class=\"wp-embedded-content\"><\/iframe><script type=\"text\/javascript\">\n\/* <![CDATA[ *\/\n\/*! This file is auto-generated *\/\n!function(d,l){\"use strict\";l.querySelector&&d.addEventListener&&\"undefined\"!=typeof URL&&(d.wp=d.wp||{},d.wp.receiveEmbedMessage||(d.wp.receiveEmbedMessage=function(e){var t=e.data;if((t||t.secret||t.message||t.value)&&!\/[^a-zA-Z0-9]\/.test(t.secret)){for(var s,r,n,a=l.querySelectorAll('iframe[data-secret=\"'+t.secret+'\"]'),o=l.querySelectorAll('blockquote[data-secret=\"'+t.secret+'\"]'),c=new RegExp(\"^https?:$\",\"i\"),i=0;i<o.length;i++)o[i].style.display=\"none\";for(i=0;i<a.length;i++)s=a[i],e.source===s.contentWindow&&(s.removeAttribute(\"style\"),\"height\"===t.message?(1e3<(r=parseInt(t.value,10))?r=1e3:~~r<200&&(r=200),s.height=r):\"link\"===t.message&&(r=new URL(s.getAttribute(\"src\")),n=new URL(t.value),c.test(n.protocol))&&n.host===r.host&&l.activeElement===s&&(d.top.location.href=t.value))}},d.addEventListener(\"message\",d.wp.receiveEmbedMessage,!1),l.addEventListener(\"DOMContentLoaded\",function(){for(var e,t,s=l.querySelectorAll(\"iframe.wp-embedded-content\"),r=0;r<s.length;r++)(t=(e=s[r]).getAttribute(\"data-secret\"))||(t=Math.random().toString(36).substring(2,12),e.src+=\"#?secret=\"+t,e.setAttribute(\"data-secret\",t)),e.contentWindow.postMessage({message:\"ready\",secret:t},\"*\")},!1)))}(window,document);\n\/\/# sourceURL=https:\/\/batijournal.com\/wp-includes\/js\/wp-embed.min.js\n\/* ]]> *\/\n<\/script>\n","thumbnail_url":"https:\/\/batijournal.com\/wp-content\/uploads\/2022\/12\/urbain-des-bois-icade-bois-de-france.png","thumbnail_width":941,"thumbnail_height":391,"description":"Le 6 d\u00e9cembre 2022, Urbain des Bois, la filiale d\u2019Icade d\u00e9di\u00e9e \u00e0 la construction Bas Carbone, et Bois de France ont sign\u00e9 un accord de partenariat visant \u00e0 d\u00e9velopper l\u2019utilisation de bois issu des for\u00eats fran\u00e7aises et transform\u00e9 en France, dans les projets immobiliers d\u2019Urbain des bois. Parce que les transports de mat\u00e9riaux faisant appel [&hellip;]"}