{"version":"1.0","provider_name":"Batijournal","provider_url":"https:\/\/batijournal.com","author_name":"St\u00e9phane Miget","author_url":"https:\/\/batijournal.com\/index.php\/author\/stephane\/","title":"Les v\u00e9hicules devront afficher les vignettes Crit\u2019air \u00e0 Paris","type":"rich","width":600,"height":338,"html":"<blockquote class=\"wp-embedded-content\" data-secret=\"IszH83G2XX\"><a href=\"https:\/\/batijournal.com\/index.php\/vehicules-devront-afficher-vignettes-critair-a-paris\/93139\/\">Les v\u00e9hicules devront afficher les vignettes Crit\u2019air \u00e0 Paris<\/a><\/blockquote><iframe sandbox=\"allow-scripts\" security=\"restricted\" src=\"https:\/\/batijournal.com\/index.php\/vehicules-devront-afficher-vignettes-critair-a-paris\/93139\/embed\/#?secret=IszH83G2XX\" width=\"600\" height=\"338\" title=\"\u00ab\u00a0Les v\u00e9hicules devront afficher les vignettes Crit\u2019air \u00e0 Paris\u00a0\u00bb &#8212; Batijournal\" data-secret=\"IszH83G2XX\" frameborder=\"0\" marginwidth=\"0\" marginheight=\"0\" scrolling=\"no\" class=\"wp-embedded-content\"><\/iframe><script type=\"text\/javascript\">\n\/* <![CDATA[ *\/\n\/*! This file is auto-generated *\/\n!function(d,l){\"use strict\";l.querySelector&&d.addEventListener&&\"undefined\"!=typeof URL&&(d.wp=d.wp||{},d.wp.receiveEmbedMessage||(d.wp.receiveEmbedMessage=function(e){var t=e.data;if((t||t.secret||t.message||t.value)&&!\/[^a-zA-Z0-9]\/.test(t.secret)){for(var s,r,n,a=l.querySelectorAll('iframe[data-secret=\"'+t.secret+'\"]'),o=l.querySelectorAll('blockquote[data-secret=\"'+t.secret+'\"]'),c=new RegExp(\"^https?:$\",\"i\"),i=0;i<o.length;i++)o[i].style.display=\"none\";for(i=0;i<a.length;i++)s=a[i],e.source===s.contentWindow&&(s.removeAttribute(\"style\"),\"height\"===t.message?(1e3<(r=parseInt(t.value,10))?r=1e3:~~r<200&&(r=200),s.height=r):\"link\"===t.message&&(r=new URL(s.getAttribute(\"src\")),n=new URL(t.value),c.test(n.protocol))&&n.host===r.host&&l.activeElement===s&&(d.top.location.href=t.value))}},d.addEventListener(\"message\",d.wp.receiveEmbedMessage,!1),l.addEventListener(\"DOMContentLoaded\",function(){for(var e,t,s=l.querySelectorAll(\"iframe.wp-embedded-content\"),r=0;r<s.length;r++)(t=(e=s[r]).getAttribute(\"data-secret\"))||(t=Math.random().toString(36).substring(2,12),e.src+=\"#?secret=\"+t,e.setAttribute(\"data-secret\",t)),e.contentWindow.postMessage({message:\"ready\",secret:t},\"*\")},!1)))}(window,document);\n\/\/# sourceURL=https:\/\/batijournal.com\/wp-includes\/js\/wp-embed.min.js\n\/* ]]> *\/\n<\/script>\n","thumbnail_url":"https:\/\/batijournal.com\/wp-content\/uploads\/2016\/06\/vignettes-critair.png","thumbnail_width":640,"thumbnail_height":530,"description":"Paris sera la premi\u00e8re ville \u00e0 utiliser les vignettes Crit\u2019air qui devraient \u00eatre disponibles d\u00e8s cet \u00e9t\u00e9 pour une mise en \u0153uvre obligatoire au 1er janvier 2017. Apr\u00e8s avoir interdit en septembre dernier la circulation des plus anciens v\u00e9hicules poids-lourds, autocars et autobus mis en service avant le 1er octobre 2001, cette interdiction s\u2019\u00e9tendra \u00e0 [&hellip;]"}