{"version":"1.0","provider_name":"Batijournal","provider_url":"https:\/\/batijournal.com","author_name":"Bati-journal","author_url":"https:\/\/batijournal.com\/index.php\/author\/elodie\/","title":"Versailles : la chambre du Roi restitu\u00e9e","type":"rich","width":600,"height":338,"html":"<blockquote class=\"wp-embedded-content\" data-secret=\"mU2ah5feVy\"><a href=\"https:\/\/batijournal.com\/index.php\/versailles-la-chambre-du-roi-restituee\/113417\/\">Versailles : la chambre du Roi restitu\u00e9e<\/a><\/blockquote><iframe sandbox=\"allow-scripts\" security=\"restricted\" src=\"https:\/\/batijournal.com\/index.php\/versailles-la-chambre-du-roi-restituee\/113417\/embed\/#?secret=mU2ah5feVy\" width=\"600\" height=\"338\" title=\"\u00ab\u00a0Versailles : la chambre du Roi restitu\u00e9e\u00a0\u00bb &#8212; Batijournal\" data-secret=\"mU2ah5feVy\" frameborder=\"0\" marginwidth=\"0\" marginheight=\"0\" scrolling=\"no\" class=\"wp-embedded-content\"><\/iframe><script type=\"text\/javascript\">\n\/* <![CDATA[ *\/\n\/*! This file is auto-generated *\/\n!function(d,l){\"use strict\";l.querySelector&&d.addEventListener&&\"undefined\"!=typeof URL&&(d.wp=d.wp||{},d.wp.receiveEmbedMessage||(d.wp.receiveEmbedMessage=function(e){var t=e.data;if((t||t.secret||t.message||t.value)&&!\/[^a-zA-Z0-9]\/.test(t.secret)){for(var s,r,n,a=l.querySelectorAll('iframe[data-secret=\"'+t.secret+'\"]'),o=l.querySelectorAll('blockquote[data-secret=\"'+t.secret+'\"]'),c=new RegExp(\"^https?:$\",\"i\"),i=0;i<o.length;i++)o[i].style.display=\"none\";for(i=0;i<a.length;i++)s=a[i],e.source===s.contentWindow&&(s.removeAttribute(\"style\"),\"height\"===t.message?(1e3<(r=parseInt(t.value,10))?r=1e3:~~r<200&&(r=200),s.height=r):\"link\"===t.message&&(r=new URL(s.getAttribute(\"src\")),n=new URL(t.value),c.test(n.protocol))&&n.host===r.host&&l.activeElement===s&&(d.top.location.href=t.value))}},d.addEventListener(\"message\",d.wp.receiveEmbedMessage,!1),l.addEventListener(\"DOMContentLoaded\",function(){for(var e,t,s=l.querySelectorAll(\"iframe.wp-embedded-content\"),r=0;r<s.length;r++)(t=(e=s[r]).getAttribute(\"data-secret\"))||(t=Math.random().toString(36).substring(2,12),e.src+=\"#?secret=\"+t,e.setAttribute(\"data-secret\",t)),e.contentWindow.postMessage({message:\"ready\",secret:t},\"*\")},!1)))}(window,document);\n\/\/# sourceURL=https:\/\/batijournal.com\/wp-includes\/js\/wp-embed.min.js\n\/* ]]> *\/\n<\/script>\n","thumbnail_url":"https:\/\/batijournal.com\/wp-content\/uploads\/2026\/04\/cce.02.038-c-christophe-fouin_7.jpg-400x250-1.webp","thumbnail_width":400,"thumbnail_height":250,"description":"Au Ch\u00e2teau de Versailles, la chambre de l\u2019appartement int\u00e9rieur du Roi a fait l\u2019objet d\u2019une restauration d\u2019ampleur visant \u00e0 restituer son \u00e9tat de 1789. Ce chantier, engag\u00e9 sur plusieurs d\u00e9cennies, redonne toute sa coh\u00e9rence \u00e0 cet espace embl\u00e9matique du pouvoir royal. Un chantier inscrit dans le temps long La restauration de la chambre s\u2019inscrit dans [&hellip;]"}